{"id":9,"date":"2022-09-15T03:50:22","date_gmt":"2022-09-15T06:50:22","guid":{"rendered":"https:\/\/florianopolis.wordcamp.org\/2022\/sessions\/"},"modified":"2022-12-05T12:50:48","modified_gmt":"2022-12-05T15:50:48","slug":"programacao","status":"publish","type":"page","link":"https:\/\/floripa.wordcamp.org\/2022\/programacao\/","title":{"rendered":"Programa\u00e7\u00e3o"},"content":{"rendered":"\n<section class=\"wp-block-group\"><div class=\"wp-block-group__inner-container is-layout-constrained wp-block-group-is-layout-constrained\">\n<div class=\"wp-block-group container mx-auto\"><div class=\"wp-block-group__inner-container is-layout-constrained wp-block-group-is-layout-constrained\"><ul class=\"wordcamp-block wordcamp-post-list has-layout-grid wordcamp-sessions has-grid-columns-3\"><li class=\"wordcamp-post-list__post wordcamp-clearfix\">\n<div class=\"wordcamp-session wordcamp-sessions__post slug-abertura\">\n\t<h3 class=\"wordcamp-block__item-title wordcamp-sessions__title\" style=\"text-align:left\"><a href=\"https:\/\/floripa.wordcamp.org\/2022\/session\/abertura\/\">DIA 1 &#8211; Abertura<\/a><\/h3>\n\t\n\t\t<p class=\"wordcamp-sessions__speakers\">\n\t\t\tApresentado por <a href=\"https:\/\/floripa.wordcamp.org\/2022\/speaker\/lucas-adiers-stefanello\/\">Lucas Adiers Stefanello<\/a>\t\t<\/p>\n\t\n\t\t\t<div class=\"wordcamp-image__featured-image-container wordcamp-sessions__featured-image align-left\"><a href=\"https:\/\/floripa.wordcamp.org\/2022\/session\/abertura\/\" class=\"wordcamp-image__featured-image-link\"><img loading=\"lazy\" decoding=\"async\" width=\"300\" height=\"300\" src=\"https:\/\/floripa.wordcamp.org\/2022\/files\/2022\/12\/AberturaOficial-300x300.png\" class=\"wordcamp-image__featured-image wp-post-image\" alt=\"Abertura WCFloripa\" srcset=\"https:\/\/floripa.wordcamp.org\/2022\/files\/2022\/12\/AberturaOficial-300x300.png 300w, https:\/\/floripa.wordcamp.org\/2022\/files\/2022\/12\/AberturaOficial-150x150.png 150w, https:\/\/floripa.wordcamp.org\/2022\/files\/2022\/12\/AberturaOficial.png 500w\" sizes=\"auto, (max-width: 300px) 100vw, 300px\" \/><\/a><\/div>\t\n\t\t\t<div class=\"wordcamp-block__item-content wordcamp-sessions__content is-full\"><p class=\"wp-block-paragraph\">Abertura oficial do WordCamp Floripa 2022. <\/p>\n<\/div>\t\n\t\t\t<div class=\"wordcamp-sessions__details\">\n\t\t\t\t\t\t\t\n\t\t\t\t<div class=\"wordcamp-sessions__time-location\">\n\t\t\t\t\t08\/12\/2022 em 18:30 -03\t\t\t\t<\/div>\n\t\t\t\n\t\t\t\t\t<\/div>\n\t<\/div>\n\n<\/li><li class=\"wordcamp-post-list__post wordcamp-clearfix\">\n<div class=\"wordcamp-session wordcamp-sessions__post slug-manutencao-evolutiva-como-priorizar-tarefas-e-entregar-valor\">\n\t<h3 class=\"wordcamp-block__item-title wordcamp-sessions__title\" style=\"text-align:left\"><a href=\"https:\/\/floripa.wordcamp.org\/2022\/session\/manutencao-evolutiva-como-priorizar-tarefas-e-entregar-valor\/\">Manuten\u00e7\u00e3o evolutiva: como priorizar tarefas e entregar valor<\/a><\/h3>\n\t\n\t\t<p class=\"wordcamp-sessions__speakers\">\n\t\t\tApresentado por <a href=\"https:\/\/floripa.wordcamp.org\/2022\/speaker\/max-denvir\/\">Max Denvir<\/a>\t\t<\/p>\n\t\n\t\t\t<div class=\"wordcamp-image__featured-image-container wordcamp-sessions__featured-image align-left\"><a href=\"https:\/\/floripa.wordcamp.org\/2022\/session\/manutencao-evolutiva-como-priorizar-tarefas-e-entregar-valor\/\" class=\"wordcamp-image__featured-image-link\"><img loading=\"lazy\" decoding=\"async\" width=\"300\" height=\"300\" src=\"https:\/\/floripa.wordcamp.org\/2022\/files\/2022\/12\/1-300x300.png\" class=\"wordcamp-image__featured-image wp-post-image\" alt=\"Manuten\u00e7\u00e3o evolutiva\" srcset=\"https:\/\/floripa.wordcamp.org\/2022\/files\/2022\/12\/1-300x300.png 300w, https:\/\/floripa.wordcamp.org\/2022\/files\/2022\/12\/1-150x150.png 150w, https:\/\/floripa.wordcamp.org\/2022\/files\/2022\/12\/1.png 500w\" sizes=\"auto, (max-width: 300px) 100vw, 300px\" \/><\/a><\/div>\t\n\t\t\t<div class=\"wordcamp-block__item-content wordcamp-sessions__content is-full\"><p class=\"wp-block-paragraph\">Vamos conversar sobre como organizar o trabalho para priorizar tarefas que entregam mais valor ao projeto ou cliente. Ferramentas e m\u00e9todos para prioriza\u00e7\u00e3o, c\u00e1lculo de valor de neg\u00f3cio (business value) e de organiza\u00e7\u00e3o ser\u00e3o apresentadas durante o encontro para voc\u00ea implementar no seu projeto de manuten\u00e7\u00e3o\/suporte a sites e lojas virtuais com WordPress.<\/p>\n<\/div>\t\n\t\t\t<div class=\"wordcamp-sessions__details\">\n\t\t\t\t\t\t\t\n\t\t\t\t<div class=\"wordcamp-sessions__time-location\">\n\t\t\t\t\t08\/12\/2022 em 19:00 -03\t\t\t\t<\/div>\n\t\t\t\n\t\t\t\t\t<\/div>\n\t<\/div>\n\n<\/li><li class=\"wordcamp-post-list__post wordcamp-clearfix\">\n<div class=\"wordcamp-session wordcamp-sessions__post slug-gestor-de-trafego-e-o-wordpress\">\n\t<h3 class=\"wordcamp-block__item-title wordcamp-sessions__title\" style=\"text-align:left\"><a href=\"https:\/\/floripa.wordcamp.org\/2022\/session\/gestor-de-trafego-e-o-wordpress\/\">Gestor de Tr\u00e1fego e o WordPress<\/a><\/h3>\n\t\n\t\t<p class=\"wordcamp-sessions__speakers\">\n\t\t\tApresentado por <a href=\"https:\/\/floripa.wordcamp.org\/2022\/speaker\/clayton-ferreira\/\">Clayton Ferreira<\/a>\t\t<\/p>\n\t\n\t\t\t<div class=\"wordcamp-image__featured-image-container wordcamp-sessions__featured-image align-left\"><a href=\"https:\/\/floripa.wordcamp.org\/2022\/session\/gestor-de-trafego-e-o-wordpress\/\" class=\"wordcamp-image__featured-image-link\"><img loading=\"lazy\" decoding=\"async\" width=\"300\" height=\"300\" src=\"https:\/\/floripa.wordcamp.org\/2022\/files\/2022\/12\/7-300x300.png\" class=\"wordcamp-image__featured-image wp-post-image\" alt=\"gestor de tr\u00e1fego\" srcset=\"https:\/\/floripa.wordcamp.org\/2022\/files\/2022\/12\/7-300x300.png 300w, https:\/\/floripa.wordcamp.org\/2022\/files\/2022\/12\/7-150x150.png 150w, https:\/\/floripa.wordcamp.org\/2022\/files\/2022\/12\/7.png 500w\" sizes=\"auto, (max-width: 300px) 100vw, 300px\" \/><\/a><\/div>\t\n\t\t\t<div class=\"wordcamp-block__item-content wordcamp-sessions__content is-full\"><p class=\"wp-block-paragraph\">Boas praticas para o uso de WordPress pelos gestores de tr\u00e1fego.<\/p>\n<\/div>\t\n\t\t\t<div class=\"wordcamp-sessions__details\">\n\t\t\t\t\t\t\t\n\t\t\t\t<div class=\"wordcamp-sessions__time-location\">\n\t\t\t\t\t08\/12\/2022 em 19:40 -03\t\t\t\t<\/div>\n\t\t\t\n\t\t\t\t\t<\/div>\n\t<\/div>\n\n<\/li><li class=\"wordcamp-post-list__post wordcamp-clearfix\">\n<div class=\"wordcamp-session wordcamp-sessions__post slug-wordpress-like-a-pro\">\n\t<h3 class=\"wordcamp-block__item-title wordcamp-sessions__title\" style=\"text-align:left\"><a href=\"https:\/\/floripa.wordcamp.org\/2022\/session\/wordpress-like-a-pro\/\">WordPress Like a Pro<\/a><\/h3>\n\t\n\t\t<p class=\"wordcamp-sessions__speakers\">\n\t\t\tApresentado por <a href=\"https:\/\/floripa.wordcamp.org\/2022\/speaker\/felipe-figueiredo\/\">Felipe Figueiredo<\/a>\t\t<\/p>\n\t\n\t\t\t<div class=\"wordcamp-image__featured-image-container wordcamp-sessions__featured-image align-left\"><a href=\"https:\/\/floripa.wordcamp.org\/2022\/session\/wordpress-like-a-pro\/\" class=\"wordcamp-image__featured-image-link\"><img loading=\"lazy\" decoding=\"async\" width=\"300\" height=\"300\" src=\"https:\/\/floripa.wordcamp.org\/2022\/files\/2022\/12\/wp-like-a-pro-300x300.jpg\" class=\"wordcamp-image__featured-image wp-post-image\" alt=\"WordPress Like a Pro - Felipe Figueiredo 8\/12 as 20:20\" srcset=\"https:\/\/floripa.wordcamp.org\/2022\/files\/2022\/12\/wp-like-a-pro-300x300.jpg 300w, https:\/\/floripa.wordcamp.org\/2022\/files\/2022\/12\/wp-like-a-pro-150x150.jpg 150w, https:\/\/floripa.wordcamp.org\/2022\/files\/2022\/12\/wp-like-a-pro.jpg 500w\" sizes=\"auto, (max-width: 300px) 100vw, 300px\" \/><\/a><\/div>\t\n\t\t\t<div class=\"wordcamp-block__item-content wordcamp-sessions__content is-full\"><p class=\"wp-block-paragraph\">Se voc\u00ea pretende trabalhar profissionalmente com WordPress essa Talk \u00e9 pra feita pra voc\u00ea. Vou te mostrar ferramentas que v\u00e3o facilitar bastante sua vida e voc\u00ea ser\u00e1 capaz de fazer uma migra\u00e7\u00e3o de um site com poucas linhas de comando, ou, instalar e remover plugins\/usu\u00e1rios\/temas sem nem mesmo abrir o painel de administra\u00e7\u00e3o. <\/p>\n<\/div>\t\n\t\t\t<div class=\"wordcamp-sessions__details\">\n\t\t\t\t\t\t\t\n\t\t\t\t<div class=\"wordcamp-sessions__time-location\">\n\t\t\t\t\t08\/12\/2022 em 20:20 -03\t\t\t\t<\/div>\n\t\t\t\n\t\t\t\t\t<\/div>\n\t<\/div>\n\n<\/li><li class=\"wordcamp-post-list__post wordcamp-clearfix\">\n<div class=\"wordcamp-session wordcamp-sessions__post slug-driblando-o-cloudflare\">\n\t<h3 class=\"wordcamp-block__item-title wordcamp-sessions__title\" style=\"text-align:left\"><a href=\"https:\/\/floripa.wordcamp.org\/2022\/session\/driblando-o-cloudflare\/\">Driblando o Cloudflare<\/a><\/h3>\n\t\n\t\t<p class=\"wordcamp-sessions__speakers\">\n\t\t\tApresentado por <a href=\"https:\/\/floripa.wordcamp.org\/2022\/speaker\/amilton-justino\/\">Amilton Justino<\/a>\t\t<\/p>\n\t\n\t\t\t<div class=\"wordcamp-image__featured-image-container wordcamp-sessions__featured-image align-left\"><a href=\"https:\/\/floripa.wordcamp.org\/2022\/session\/driblando-o-cloudflare\/\" class=\"wordcamp-image__featured-image-link\"><img loading=\"lazy\" decoding=\"async\" width=\"300\" height=\"300\" src=\"https:\/\/floripa.wordcamp.org\/2022\/files\/2022\/12\/4-300x300.png\" class=\"wordcamp-image__featured-image wp-post-image\" alt=\"Cloudflare\" srcset=\"https:\/\/floripa.wordcamp.org\/2022\/files\/2022\/12\/4-300x300.png 300w, https:\/\/floripa.wordcamp.org\/2022\/files\/2022\/12\/4-150x150.png 150w, https:\/\/floripa.wordcamp.org\/2022\/files\/2022\/12\/4.png 500w\" sizes=\"auto, (max-width: 300px) 100vw, 300px\" \/><\/a><\/div>\t\n\t\t\t<div class=\"wordcamp-block__item-content wordcamp-sessions__content is-full\"><p class=\"wp-block-paragraph\">Nossa apresenta\u00e7\u00e3o pretende apontar fragilidades nas implanta\u00e7\u00f5es do Cloudflare, feitas de forma simples, onde alguns detalhes n\u00e3o observados far\u00e3o com que essa excelente ferramenta (cloudflare) possa ser suplantada pelo atacante e com isso demonstrar o risco provocado pela aus\u00eancia da seguran\u00e7a aplicada em camadas.<\/p>\n<\/div>\t\n\t\t\t<div class=\"wordcamp-sessions__details\">\n\t\t\t\t\t\t\t\n\t\t\t\t<div class=\"wordcamp-sessions__time-location\">\n\t\t\t\t\t08\/12\/2022 em 21:00 -03\t\t\t\t<\/div>\n\t\t\t\n\t\t\t\t\t<\/div>\n\t<\/div>\n\n<\/li><li class=\"wordcamp-post-list__post wordcamp-clearfix\">\n<div class=\"wordcamp-session wordcamp-sessions__post slug-melhore-a-satisfacao-do-cliente-com-metodos-ageis\">\n\t<h3 class=\"wordcamp-block__item-title wordcamp-sessions__title\" style=\"text-align:left\"><a href=\"https:\/\/floripa.wordcamp.org\/2022\/session\/melhore-a-satisfacao-do-cliente-com-metodos-ageis\/\">Melhore a satisfa\u00e7\u00e3o do cliente com m\u00e9todos \u00e1geis<\/a><\/h3>\n\t\n\t\t<p class=\"wordcamp-sessions__speakers\">\n\t\t\tApresentado por <a href=\"https:\/\/floripa.wordcamp.org\/2022\/speaker\/fred-marvila\/\">Fred Marvila<\/a>\t\t<\/p>\n\t\n\t\t\t<div class=\"wordcamp-image__featured-image-container wordcamp-sessions__featured-image align-left\"><a href=\"https:\/\/floripa.wordcamp.org\/2022\/session\/melhore-a-satisfacao-do-cliente-com-metodos-ageis\/\" class=\"wordcamp-image__featured-image-link\"><img loading=\"lazy\" decoding=\"async\" width=\"300\" height=\"300\" src=\"https:\/\/floripa.wordcamp.org\/2022\/files\/2022\/12\/5-300x300.png\" class=\"wordcamp-image__featured-image wp-post-image\" alt=\"satisfacao\" srcset=\"https:\/\/floripa.wordcamp.org\/2022\/files\/2022\/12\/5-300x300.png 300w, https:\/\/floripa.wordcamp.org\/2022\/files\/2022\/12\/5-150x150.png 150w, https:\/\/floripa.wordcamp.org\/2022\/files\/2022\/12\/5.png 500w\" sizes=\"auto, (max-width: 300px) 100vw, 300px\" \/><\/a><\/div>\t\n\t\t\t<div class=\"wordcamp-block__item-content wordcamp-sessions__content is-full\"><p class=\"wp-block-paragraph\">Em todos esses anos nessa ind\u00fastria vital, percebemos que diversos problemas acontecem durante o desenvolvimento, acarretando atrasos, insatisfa\u00e7\u00e3o do cliente e at\u00e9 desgaste desnecess\u00e1rio da equipe.<\/p>\n<p class=\"wp-block-paragraph\">Neste bate-papo, vamos sugerir como algumas pr\u00e1ticas de desenvolvimento \u00e1gil poderiam ser aplicadas no nosso dia a dia com o objetivo de mitigar esses problemas e melhorar o andamento dos projetos.<\/p>\n<p class=\"wp-block-paragraph\">Vamos discutir com os participantes algumas ideias a serem aplicadas no decorrer do projeto para garantir uma entrega de qualidade, do jeito que o cliente espera e dentro dos prazos acordados.<\/p>\n<\/div>\t\n\t\t\t<div class=\"wordcamp-sessions__details\">\n\t\t\t\t\t\t\t\n\t\t\t\t<div class=\"wordcamp-sessions__time-location\">\n\t\t\t\t\t08\/12\/2022 em 21:40 -03\t\t\t\t<\/div>\n\t\t\t\n\t\t\t\t\t<\/div>\n\t<\/div>\n\n<\/li><li class=\"wordcamp-post-list__post wordcamp-clearfix\">\n<div class=\"wordcamp-session wordcamp-sessions__post slug-dia-2-abertura\">\n\t<h3 class=\"wordcamp-block__item-title wordcamp-sessions__title\" style=\"text-align:left\"><a href=\"https:\/\/floripa.wordcamp.org\/2022\/session\/dia-2-abertura\/\">DIA 2 &#8211; Abertura<\/a><\/h3>\n\t\n\t\t<p class=\"wordcamp-sessions__speakers\">\n\t\t\tApresentado por <a href=\"https:\/\/floripa.wordcamp.org\/2022\/speaker\/lucas-adiers-stefanello\/\">Lucas Adiers Stefanello<\/a>\t\t<\/p>\n\t\n\t\t\t<div class=\"wordcamp-image__featured-image-container wordcamp-sessions__featured-image align-left\"><a href=\"https:\/\/floripa.wordcamp.org\/2022\/session\/dia-2-abertura\/\" class=\"wordcamp-image__featured-image-link\"><img loading=\"lazy\" decoding=\"async\" width=\"300\" height=\"300\" src=\"https:\/\/floripa.wordcamp.org\/2022\/files\/2022\/12\/Abertura2dia-300x300.png\" class=\"wordcamp-image__featured-image wp-post-image\" alt=\"abertura wcfloripa 2 dia\" srcset=\"https:\/\/floripa.wordcamp.org\/2022\/files\/2022\/12\/Abertura2dia-300x300.png 300w, https:\/\/floripa.wordcamp.org\/2022\/files\/2022\/12\/Abertura2dia-150x150.png 150w, https:\/\/floripa.wordcamp.org\/2022\/files\/2022\/12\/Abertura2dia.png 500w\" sizes=\"auto, (max-width: 300px) 100vw, 300px\" \/><\/a><\/div>\t\n\t\t\t<div class=\"wordcamp-block__item-content wordcamp-sessions__content is-full\"><p class=\"wp-block-paragraph\">Abertura oficial do segundo dia do WordCamp Floripa 2022. <\/p>\n<\/div>\t\n\t\t\t<div class=\"wordcamp-sessions__details\">\n\t\t\t\t\t\t\t\n\t\t\t\t<div class=\"wordcamp-sessions__time-location\">\n\t\t\t\t\t09\/12\/2022 em 18:30 -03\t\t\t\t<\/div>\n\t\t\t\n\t\t\t\t\t<\/div>\n\t<\/div>\n\n<\/li><li class=\"wordcamp-post-list__post wordcamp-clearfix\">\n<div class=\"wordcamp-session wordcamp-sessions__post slug-seo-tecnico-no-wordpress-como-garantir-que-seu-site-sera-encontrado\">\n\t<h3 class=\"wordcamp-block__item-title wordcamp-sessions__title\" style=\"text-align:left\"><a href=\"https:\/\/floripa.wordcamp.org\/2022\/session\/seo-tecnico-no-wordpress-como-garantir-que-seu-site-sera-encontrado\/\">SEO t\u00e9cnico no WordPress: Como garantir que seu site ser\u00e1 encontrado<\/a><\/h3>\n\t\n\t\t<p class=\"wordcamp-sessions__speakers\">\n\t\t\tApresentado por <a href=\"https:\/\/floripa.wordcamp.org\/2022\/speaker\/amanda-noronha-araujo\/\">Amanda Noronha Araujo<\/a>\t\t<\/p>\n\t\n\t\t\t<div class=\"wordcamp-image__featured-image-container wordcamp-sessions__featured-image align-left\"><a href=\"https:\/\/floripa.wordcamp.org\/2022\/session\/seo-tecnico-no-wordpress-como-garantir-que-seu-site-sera-encontrado\/\" class=\"wordcamp-image__featured-image-link\"><img loading=\"lazy\" decoding=\"async\" width=\"300\" height=\"300\" src=\"https:\/\/floripa.wordcamp.org\/2022\/files\/2022\/12\/6-300x300.png\" class=\"wordcamp-image__featured-image wp-post-image\" alt=\"SEO t\u00e9cnico\" srcset=\"https:\/\/floripa.wordcamp.org\/2022\/files\/2022\/12\/6-300x300.png 300w, https:\/\/floripa.wordcamp.org\/2022\/files\/2022\/12\/6-150x150.png 150w, https:\/\/floripa.wordcamp.org\/2022\/files\/2022\/12\/6.png 500w\" sizes=\"auto, (max-width: 300px) 100vw, 300px\" \/><\/a><\/div>\t\n\t\t\t<div class=\"wordcamp-block__item-content wordcamp-sessions__content is-full\"><p class=\"wp-block-paragraph\">Um site com excelente conte\u00fado sem cuidado t\u00e9cnico n\u00e3o rankeia bem e n\u00e3o \u00e9 encontrado! Um ponto pouco explorado no mundo do SEO \u00e9 a parte t\u00e9cnica e ela e crucial para que o site seja rastreado e indexados nas buscas. Aprenda todos os pontos chaves para ficar de olho na sa\u00fade do seu site.<\/p>\n<\/div>\t\n\t\t\t<div class=\"wordcamp-sessions__details\">\n\t\t\t\t\t\t\t\n\t\t\t\t<div class=\"wordcamp-sessions__time-location\">\n\t\t\t\t\t09\/12\/2022 em 19:00 -03\t\t\t\t<\/div>\n\t\t\t\n\t\t\t\t\t<\/div>\n\t<\/div>\n\n<\/li><li class=\"wordcamp-post-list__post wordcamp-clearfix\">\n<div class=\"wordcamp-session wordcamp-sessions__post slug-cultivando-pertencimento-e-cuidado-com-as-pessoas-em-uma-cultura-remota-e-assincrona\">\n\t<h3 class=\"wordcamp-block__item-title wordcamp-sessions__title\" style=\"text-align:left\"><a href=\"https:\/\/floripa.wordcamp.org\/2022\/session\/cultivando-pertencimento-e-cuidado-com-as-pessoas-em-uma-cultura-remota-e-assincrona\/\">Cultivando pertencimento e cuidado com as pessoas em uma cultura remota e ass\u00edncrona<\/a><\/h3>\n\t\n\t\t<p class=\"wordcamp-sessions__speakers\">\n\t\t\tApresentado por <a href=\"https:\/\/floripa.wordcamp.org\/2022\/speaker\/aline-andres\/\">Aline Andres<\/a>\t\t<\/p>\n\t\n\t\t\t<div class=\"wordcamp-image__featured-image-container wordcamp-sessions__featured-image align-left\"><a href=\"https:\/\/floripa.wordcamp.org\/2022\/session\/cultivando-pertencimento-e-cuidado-com-as-pessoas-em-uma-cultura-remota-e-assincrona\/\" class=\"wordcamp-image__featured-image-link\"><img loading=\"lazy\" decoding=\"async\" width=\"300\" height=\"300\" src=\"https:\/\/floripa.wordcamp.org\/2022\/files\/2022\/12\/2-300x300.png\" class=\"wordcamp-image__featured-image wp-post-image\" alt=\"pertencimento\" srcset=\"https:\/\/floripa.wordcamp.org\/2022\/files\/2022\/12\/2-300x300.png 300w, https:\/\/floripa.wordcamp.org\/2022\/files\/2022\/12\/2-150x150.png 150w, https:\/\/floripa.wordcamp.org\/2022\/files\/2022\/12\/2.png 500w\" sizes=\"auto, (max-width: 300px) 100vw, 300px\" \/><\/a><\/div>\t\n\t\t\t<div class=\"wordcamp-block__item-content wordcamp-sessions__content is-full\"><p class=\"wp-block-paragraph\">H\u00e1 quase uma d\u00e9cada, a XWP \u00e9 uma ag\u00eancia global WordPress que atua em uma cultura remota com profissionais distribu\u00eddos pelo mundo, experi\u00eancia que trouxe muitos aprendizados ao longo do tempo. Hoje somos +106 pessoas em +34 pa\u00edses e +21 fusos hor\u00e1rios, colaborando em times ass\u00edncronos. Nesta apresenta\u00e7\u00e3o, eu estarei dispon\u00edvel para compartilhar as pr\u00e1ticas que temos para promover senso de pertencimento a nossa comunidade e para o cuidado com as pessoas.<\/p>\n<\/div>\t\n\t\t\t<div class=\"wordcamp-sessions__details\">\n\t\t\t\t\t\t\t\n\t\t\t\t<div class=\"wordcamp-sessions__time-location\">\n\t\t\t\t\t09\/12\/2022 em 19:40 -03\t\t\t\t<\/div>\n\t\t\t\n\t\t\t\t\t<\/div>\n\t<\/div>\n\n<\/li><li class=\"wordcamp-post-list__post wordcamp-clearfix\">\n<div class=\"wordcamp-session wordcamp-sessions__post slug-criacao-e-desenvolvimento-de-sites-para-a-geracao-de-resultados\">\n\t<h3 class=\"wordcamp-block__item-title wordcamp-sessions__title\" style=\"text-align:left\"><a href=\"https:\/\/floripa.wordcamp.org\/2022\/session\/criacao-e-desenvolvimento-de-sites-para-a-geracao-de-resultados\/\">Cria\u00e7\u00e3o e desenvolvimento de sites para a gera\u00e7\u00e3o de resultados<\/a><\/h3>\n\t\n\t\t<p class=\"wordcamp-sessions__speakers\">\n\t\t\tApresentado por <a href=\"https:\/\/floripa.wordcamp.org\/2022\/speaker\/bruno-rios\/\">Bruno Rios<\/a>\t\t<\/p>\n\t\n\t\t\t<div class=\"wordcamp-image__featured-image-container wordcamp-sessions__featured-image align-left\"><a href=\"https:\/\/floripa.wordcamp.org\/2022\/session\/criacao-e-desenvolvimento-de-sites-para-a-geracao-de-resultados\/\" class=\"wordcamp-image__featured-image-link\"><img loading=\"lazy\" decoding=\"async\" width=\"300\" height=\"300\" src=\"https:\/\/floripa.wordcamp.org\/2022\/files\/2022\/12\/8-300x300.png\" class=\"wordcamp-image__featured-image wp-post-image\" alt=\"desenvolvimento wordpress\" srcset=\"https:\/\/floripa.wordcamp.org\/2022\/files\/2022\/12\/8-300x300.png 300w, https:\/\/floripa.wordcamp.org\/2022\/files\/2022\/12\/8-150x150.png 150w, https:\/\/floripa.wordcamp.org\/2022\/files\/2022\/12\/8.png 500w\" sizes=\"auto, (max-width: 300px) 100vw, 300px\" \/><\/a><\/div>\t\n\t\t\t<div class=\"wordcamp-block__item-content wordcamp-sessions__content is-full\"><p class=\"wp-block-paragraph\">O conte\u00fado da apresenta\u00e7\u00e3o tem por objetivo abordar as principais pr\u00e1ticas, estrat\u00e9gias e recursos no projeto de desenvolvimento de um site a fim de transform\u00e1-lo em uma ferramenta aliada na gera\u00e7\u00e3o de resultados (acessos, leads, convers\u00f5es, etc&#8230;). Alguns pontos de destaque:<\/p>\n<\/div>\t\n\t\t\t<div class=\"wordcamp-sessions__details\">\n\t\t\t\t\t\t\t\n\t\t\t\t<div class=\"wordcamp-sessions__time-location\">\n\t\t\t\t\t09\/12\/2022 em 20:20 -03\t\t\t\t<\/div>\n\t\t\t\n\t\t\t\t\t<\/div>\n\t<\/div>\n\n<\/li><li class=\"wordcamp-post-list__post wordcamp-clearfix\">\n<div class=\"wordcamp-session wordcamp-sessions__post slug-ainda-faz-sentido-usar-amp\">\n\t<h3 class=\"wordcamp-block__item-title wordcamp-sessions__title\" style=\"text-align:left\"><a href=\"https:\/\/floripa.wordcamp.org\/2022\/session\/ainda-faz-sentido-usar-amp\/\">Ainda faz sentido usar AMP ?<\/a><\/h3>\n\t\n\t\t<p class=\"wordcamp-sessions__speakers\">\n\t\t\tApresentado por <a href=\"https:\/\/floripa.wordcamp.org\/2022\/speaker\/daniel-paz\/\">Daniel Paz<\/a>\t\t<\/p>\n\t\n\t\t\t<div class=\"wordcamp-image__featured-image-container wordcamp-sessions__featured-image align-left\"><a href=\"https:\/\/floripa.wordcamp.org\/2022\/session\/ainda-faz-sentido-usar-amp\/\" class=\"wordcamp-image__featured-image-link\"><img loading=\"lazy\" decoding=\"async\" width=\"300\" height=\"300\" src=\"https:\/\/floripa.wordcamp.org\/2022\/files\/2022\/12\/9-300x300.png\" class=\"wordcamp-image__featured-image wp-post-image\" alt=\"AMP\" srcset=\"https:\/\/floripa.wordcamp.org\/2022\/files\/2022\/12\/9-300x300.png 300w, https:\/\/floripa.wordcamp.org\/2022\/files\/2022\/12\/9-150x150.png 150w, https:\/\/floripa.wordcamp.org\/2022\/files\/2022\/12\/9.png 500w\" sizes=\"auto, (max-width: 300px) 100vw, 300px\" \/><\/a><\/div>\t\n\t\t\t<div class=\"wordcamp-block__item-content wordcamp-sessions__content is-full\"><p class=\"wp-block-paragraph\">Com as mudan\u00e7as recentes do Core Web Vitals ainda faz sentido pensar em tecnologia AMP ? quais s\u00e3o as dificuldades da tecnologia e comparativo real de mercado sobre AMP.<\/p>\n<\/div>\t\n\t\t\t<div class=\"wordcamp-sessions__details\">\n\t\t\t\t\t\t\t\n\t\t\t\t<div class=\"wordcamp-sessions__time-location\">\n\t\t\t\t\t09\/12\/2022 em 21:00 -03\t\t\t\t<\/div>\n\t\t\t\n\t\t\t\t\t<\/div>\n\t<\/div>\n\n<\/li><li class=\"wordcamp-post-list__post wordcamp-clearfix\">\n<div class=\"wordcamp-session wordcamp-sessions__post slug-design-inovacao-e-experimentacao\">\n\t<h3 class=\"wordcamp-block__item-title wordcamp-sessions__title\" style=\"text-align:left\"><a href=\"https:\/\/floripa.wordcamp.org\/2022\/session\/design-inovacao-e-experimentacao\/\">Design, inova\u00e7\u00e3o e experimenta\u00e7\u00e3o<\/a><\/h3>\n\t\n\t\t<p class=\"wordcamp-sessions__speakers\">\n\t\t\tApresentado por <a href=\"https:\/\/floripa.wordcamp.org\/2022\/speaker\/fernanda-amorim\/\">Fernanda Amorim<\/a>\t\t<\/p>\n\t\n\t\t\t<div class=\"wordcamp-image__featured-image-container wordcamp-sessions__featured-image align-left\"><a href=\"https:\/\/floripa.wordcamp.org\/2022\/session\/design-inovacao-e-experimentacao\/\" class=\"wordcamp-image__featured-image-link\"><img loading=\"lazy\" decoding=\"async\" width=\"300\" height=\"300\" src=\"https:\/\/floripa.wordcamp.org\/2022\/files\/2022\/12\/10-300x300.png\" class=\"wordcamp-image__featured-image wp-post-image\" alt=\"design\" srcset=\"https:\/\/floripa.wordcamp.org\/2022\/files\/2022\/12\/10-300x300.png 300w, https:\/\/floripa.wordcamp.org\/2022\/files\/2022\/12\/10-150x150.png 150w, https:\/\/floripa.wordcamp.org\/2022\/files\/2022\/12\/10.png 500w\" sizes=\"auto, (max-width: 300px) 100vw, 300px\" \/><\/a><\/div>\t\n\t\t\t<div class=\"wordcamp-block__item-content wordcamp-sessions__content is-full\"><p class=\"wp-block-paragraph\">O que \u00e9 inova\u00e7\u00e3o &#8211; O que \u00e9 experimenta\u00e7\u00e3o &#8211; Como inovar atrav\u00e9s da experimenta\u00e7\u00e3o (processos, ferramentas, formatos de teste, etc) &#8211; Cases de sucesso (exemplos pr\u00e1ticos) &#8211; O papel e impacto do design<\/p>\n<\/div>\t\n\t\t\t<div class=\"wordcamp-sessions__details\">\n\t\t\t\t\t\t\t\n\t\t\t\t<div class=\"wordcamp-sessions__time-location\">\n\t\t\t\t\t09\/12\/2022 em 21:40 -03\t\t\t\t<\/div>\n\t\t\t\n\t\t\t\t\t<\/div>\n\t<\/div>\n\n<\/li><li class=\"wordcamp-post-list__post wordcamp-clearfix\">\n<div class=\"wordcamp-session wordcamp-sessions__post slug-festa-happy-hour-presencial-do-wcfloripa\">\n\t<h3 class=\"wordcamp-block__item-title wordcamp-sessions__title\" style=\"text-align:left\"><a href=\"https:\/\/floripa.wordcamp.org\/2022\/session\/festa-happy-hour-presencial-do-wcfloripa\/\">FESTA &#8211; Happy Hour presencial do WCFloripa<\/a><\/h3>\n\t\n\t\t<p class=\"wordcamp-sessions__speakers\">\n\t\t\tApresentado por <a href=\"https:\/\/floripa.wordcamp.org\/2022\/speaker\/lucas-adiers-stefanello\/\">Lucas Adiers Stefanello<\/a>\t\t<\/p>\n\t\n\t\t\t<div class=\"wordcamp-image__featured-image-container wordcamp-sessions__featured-image align-left\"><a href=\"https:\/\/floripa.wordcamp.org\/2022\/session\/festa-happy-hour-presencial-do-wcfloripa\/\" class=\"wordcamp-image__featured-image-link\"><img loading=\"lazy\" decoding=\"async\" width=\"300\" height=\"300\" src=\"https:\/\/floripa.wordcamp.org\/2022\/files\/2022\/12\/11-300x300.png\" class=\"wordcamp-image__featured-image wp-post-image\" alt=\"HH festa\" srcset=\"https:\/\/floripa.wordcamp.org\/2022\/files\/2022\/12\/11-300x300.png 300w, https:\/\/floripa.wordcamp.org\/2022\/files\/2022\/12\/11-150x150.png 150w, https:\/\/floripa.wordcamp.org\/2022\/files\/2022\/12\/11.png 500w\" sizes=\"auto, (max-width: 300px) 100vw, 300px\" \/><\/a><\/div>\t\n\t\t\t<div class=\"wordcamp-block__item-content wordcamp-sessions__content is-full\"><p class=\"wp-block-paragraph\">Festa presencial de encerramento do WordCamp Floripa 2022 no Passeio Primavera em Florian\u00f3polis\/SC &#8211; SC-401, 4100 &#8211; Saco Grande, Florian\u00f3polis &#8211; SC, 88032-005.  <\/p>\n<\/div>\t\n\t\t\t<div class=\"wordcamp-sessions__details\">\n\t\t\t\t\t\t\t\n\t\t\t\t<div class=\"wordcamp-sessions__time-location\">\n\t\t\t\t\t10\/12\/2022 em 12:30 -03\t\t\t\t<\/div>\n\t\t\t\n\t\t\t\t\t<\/div>\n\t<\/div>\n\n<\/li><\/ul><\/div><\/div>\n<\/div><\/section>\n","protected":false},"excerpt":{"rendered":"","protected":false},"author":13201568,"featured_media":0,"parent":0,"menu_order":0,"comment_status":"closed","ping_status":"closed","template":"templates\/page-no-sidebar.php","meta":{"_crdt_document":"","jetpack_post_was_ever_published":false,"footnotes":""},"class_list":["post-9","page","type-page","status-publish","hentry"],"jetpack_sharing_enabled":true,"_links":{"self":[{"href":"https:\/\/floripa.wordcamp.org\/2022\/wp-json\/wp\/v2\/pages\/9","targetHints":{"allow":["GET"]}}],"collection":[{"href":"https:\/\/floripa.wordcamp.org\/2022\/wp-json\/wp\/v2\/pages"}],"about":[{"href":"https:\/\/floripa.wordcamp.org\/2022\/wp-json\/wp\/v2\/types\/page"}],"author":[{"embeddable":true,"href":"https:\/\/floripa.wordcamp.org\/2022\/wp-json\/wp\/v2\/users\/13201568"}],"replies":[{"embeddable":true,"href":"https:\/\/floripa.wordcamp.org\/2022\/wp-json\/wp\/v2\/comments?post=9"}],"version-history":[{"count":5,"href":"https:\/\/floripa.wordcamp.org\/2022\/wp-json\/wp\/v2\/pages\/9\/revisions"}],"predecessor-version":[{"id":737,"href":"https:\/\/floripa.wordcamp.org\/2022\/wp-json\/wp\/v2\/pages\/9\/revisions\/737"}],"wp:attachment":[{"href":"https:\/\/floripa.wordcamp.org\/2022\/wp-json\/wp\/v2\/media?parent=9"}],"curies":[{"name":"wp","href":"https:\/\/api.w.org\/{rel}","templated":true}]}}