{"id":644,"date":"2022-12-05T10:45:58","date_gmt":"2022-12-05T13:45:58","guid":{"rendered":"https:\/\/floripa.wordcamp.org\/2022\/?page_id=644"},"modified":"2022-12-05T11:15:34","modified_gmt":"2022-12-05T14:15:34","slug":"palestrantes","status":"publish","type":"page","link":"https:\/\/floripa.wordcamp.org\/2022\/palestrantes\/","title":{"rendered":"Palestrantes"},"content":{"rendered":"\n<div class=\"wp-block-group container\"><div class=\"wp-block-group__inner-container is-layout-constrained wp-block-group-is-layout-constrained\">\n<div class=\"wp-block-columns are-vertically-aligned-center mx-auto is-layout-flex wp-container-core-columns-is-layout-8f761849 wp-block-columns-is-layout-flex\">\n<div class=\"wp-block-column is-vertically-aligned-center is-layout-flow wp-block-column-is-layout-flow\" style=\"flex-basis:60%\">\n<h2 class=\"wp-block-heading\"><span style=\"color: #600283\">Palestrantes<\/span> <\/h2>\n\n\n\n<p class=\"wp-block-paragraph\">Conhe\u00e7a a galera que vai participar.<\/p>\n<\/div>\n\n\n\n<div class=\"wp-block-column is-vertically-aligned-center is-layout-flow wp-block-column-is-layout-flow\" style=\"flex-basis:20%\">\n<figure class=\"wp-block-image size-full\"><img loading=\"lazy\" decoding=\"async\" width=\"437\" height=\"657\" src=\"https:\/\/floripa.wordcamp.org\/2022\/files\/2022\/12\/sitting.png\" alt=\"\" class=\"wp-image-649\" srcset=\"https:\/\/floripa.wordcamp.org\/2022\/files\/2022\/12\/sitting.png 437w, https:\/\/floripa.wordcamp.org\/2022\/files\/2022\/12\/sitting-200x300.png 200w\" sizes=\"auto, (max-width: 437px) 100vw, 437px\" \/><\/figure>\n<\/div>\n<\/div>\n<\/div><\/div>\n\n\n\n<section class=\"wp-block-group has-background\" style=\"background:linear-gradient(135deg,rgb(156,20,204) 0%,rgb(155,81,224) 100%)\"><div class=\"wp-block-group__inner-container is-layout-constrained wp-block-group-is-layout-constrained\">\n<div class=\"wp-block-group container mx-auto\"><div class=\"wp-block-group__inner-container is-layout-constrained wp-block-group-is-layout-constrained\"><ul class=\"wordcamp-block wordcamp-post-list has-layout-grid wordcamp-speakers has-grid-columns-3\"><li class=\"wordcamp-post-list__post wordcamp-clearfix\">\n<div class=\"wordcamp-speaker wordcamp-speakers__post slug-aline-andres\">\n\t<h3 class=\"wordcamp-block__item-title wordcamp-speakers__title\" style=\"text-align:center\"><a href=\"https:\/\/floripa.wordcamp.org\/2022\/speaker\/aline-andres\/\">Aline Andres<\/a><\/h3>\n\t\t\t<div class=\"wordcamp-image__avatar-container align-center\">\n\t\t\t<a href=\"https:\/\/floripa.wordcamp.org\/2022\/speaker\/aline-andres\/\" class=\"wordcamp-image__avatar-link\">\n\t\t\t\t<img decoding=\"async\" src=\"https:\/\/secure.gravatar.com\/avatar\/62a3e7293e504865dca5ec59736d76f49d9294e3cd6f81b243b354609866157b?s=150&amp;d=mm&amp;r=g\" alt=\"Avatar de Aline Andres\" \/>\t\t\t<\/a>\n\t\t<\/div>\n\t\n\t\n\t\t\t<div class=\"wordcamp-speakers__sessions\">\n\t\t\t<h4 class=\"wordcamp-speakers__sessions-heading\">\n\t\t\t\tSess\u00e3o\t\t\t<\/h4>\n\n\t\t\t<ul class=\"wordcamp-speakers__sessions-list\">\n\t\t\t\t\t\t\t\t\t\t\t\t\t\t<li class=\"wordcamp-speakers__sessions-list-item\">\n\t\t\t\t\t\t<a class=\"wordcamp-speakers__session-link\" href=\"https:\/\/floripa.wordcamp.org\/2022\/session\/cultivando-pertencimento-e-cuidado-com-as-pessoas-em-uma-cultura-remota-e-assincrona\/\">\n\t\t\t\t\t\t\tCultivando pertencimento e cuidado com as pessoas em uma cultura remota e ass\u00edncrona\t\t\t\t\t\t<\/a>\n\n\t\t\t\t\t\t<span class=\"wordcamp-speakers__session-info\">\n\t\t\t\t\t\t\t\t\t\t\t\t\t\t\t09\/12\/2022 em 19:40 -03\t\t\t\t\t\t\t\t\t\t\t\t\t<\/span>\n\t\t\t\t\t<\/li>\n\t\t\t\t\t\t\t<\/ul>\n\t\t<\/div>\n\t<\/div>\n\n<\/li><li class=\"wordcamp-post-list__post wordcamp-clearfix\">\n<div class=\"wordcamp-speaker wordcamp-speakers__post slug-amanda-noronha-araujo\">\n\t<h3 class=\"wordcamp-block__item-title wordcamp-speakers__title\" style=\"text-align:center\"><a href=\"https:\/\/floripa.wordcamp.org\/2022\/speaker\/amanda-noronha-araujo\/\">Amanda Noronha Araujo<\/a><\/h3>\n\t\t\t<div class=\"wordcamp-image__avatar-container align-center\">\n\t\t\t<a href=\"https:\/\/floripa.wordcamp.org\/2022\/speaker\/amanda-noronha-araujo\/\" class=\"wordcamp-image__avatar-link\">\n\t\t\t\t<img decoding=\"async\" src=\"https:\/\/secure.gravatar.com\/avatar\/4d3679ee37c83d269a0742bff2f4b4b56b174a068f95e952094451233fb50909?s=150&amp;d=mm&amp;r=g\" alt=\"Avatar de Amanda Noronha Araujo\" \/>\t\t\t<\/a>\n\t\t<\/div>\n\t\n\t\n\t\t\t<div class=\"wordcamp-speakers__sessions\">\n\t\t\t<h4 class=\"wordcamp-speakers__sessions-heading\">\n\t\t\t\tSess\u00e3o\t\t\t<\/h4>\n\n\t\t\t<ul class=\"wordcamp-speakers__sessions-list\">\n\t\t\t\t\t\t\t\t\t\t\t\t\t\t<li class=\"wordcamp-speakers__sessions-list-item\">\n\t\t\t\t\t\t<a class=\"wordcamp-speakers__session-link\" href=\"https:\/\/floripa.wordcamp.org\/2022\/session\/seo-tecnico-no-wordpress-como-garantir-que-seu-site-sera-encontrado\/\">\n\t\t\t\t\t\t\tSEO t\u00e9cnico no WordPress: Como garantir que seu site ser\u00e1 encontrado\t\t\t\t\t\t<\/a>\n\n\t\t\t\t\t\t<span class=\"wordcamp-speakers__session-info\">\n\t\t\t\t\t\t\t\t\t\t\t\t\t\t\t09\/12\/2022 em 19:00 -03\t\t\t\t\t\t\t\t\t\t\t\t\t<\/span>\n\t\t\t\t\t<\/li>\n\t\t\t\t\t\t\t<\/ul>\n\t\t<\/div>\n\t<\/div>\n\n<\/li><li class=\"wordcamp-post-list__post wordcamp-clearfix\">\n<div class=\"wordcamp-speaker wordcamp-speakers__post slug-amilton-justino\">\n\t<h3 class=\"wordcamp-block__item-title wordcamp-speakers__title\" style=\"text-align:center\"><a href=\"https:\/\/floripa.wordcamp.org\/2022\/speaker\/amilton-justino\/\">Amilton Justino<\/a><\/h3>\n\t\t\t<div class=\"wordcamp-image__avatar-container align-center\">\n\t\t\t<a href=\"https:\/\/floripa.wordcamp.org\/2022\/speaker\/amilton-justino\/\" class=\"wordcamp-image__avatar-link\">\n\t\t\t\t<img loading=\"lazy\" decoding=\"async\" width=\"150\" height=\"150\" src=\"https:\/\/floripa.wordcamp.org\/2022\/files\/2022\/12\/Amilton-Justino-Insight-1-150x150.jpg\" class=\"attachment-150x150 size-150x150 wp-post-image\" alt=\"Avatar de Amilton Justino\" \/>\t\t\t<\/a>\n\t\t<\/div>\n\t\n\t\n\t\t\t<div class=\"wordcamp-speakers__sessions\">\n\t\t\t<h4 class=\"wordcamp-speakers__sessions-heading\">\n\t\t\t\tSess\u00e3o\t\t\t<\/h4>\n\n\t\t\t<ul class=\"wordcamp-speakers__sessions-list\">\n\t\t\t\t\t\t\t\t\t\t\t\t\t\t<li class=\"wordcamp-speakers__sessions-list-item\">\n\t\t\t\t\t\t<a class=\"wordcamp-speakers__session-link\" href=\"https:\/\/floripa.wordcamp.org\/2022\/session\/driblando-o-cloudflare\/\">\n\t\t\t\t\t\t\tDriblando o Cloudflare\t\t\t\t\t\t<\/a>\n\n\t\t\t\t\t\t<span class=\"wordcamp-speakers__session-info\">\n\t\t\t\t\t\t\t\t\t\t\t\t\t\t\t08\/12\/2022 em 21:00 -03\t\t\t\t\t\t\t\t\t\t\t\t\t<\/span>\n\t\t\t\t\t<\/li>\n\t\t\t\t\t\t\t<\/ul>\n\t\t<\/div>\n\t<\/div>\n\n<\/li><li class=\"wordcamp-post-list__post wordcamp-clearfix\">\n<div class=\"wordcamp-speaker wordcamp-speakers__post slug-bruno-rios\">\n\t<h3 class=\"wordcamp-block__item-title wordcamp-speakers__title\" style=\"text-align:center\"><a href=\"https:\/\/floripa.wordcamp.org\/2022\/speaker\/bruno-rios\/\">Bruno Rios<\/a><\/h3>\n\t\t\t<div class=\"wordcamp-image__avatar-container align-center\">\n\t\t\t<a href=\"https:\/\/floripa.wordcamp.org\/2022\/speaker\/bruno-rios\/\" class=\"wordcamp-image__avatar-link\">\n\t\t\t\t<img loading=\"lazy\" decoding=\"async\" width=\"150\" height=\"150\" src=\"https:\/\/floripa.wordcamp.org\/2022\/files\/2022\/12\/Bruno-Rios-150x150.png\" class=\"attachment-150x150 size-150x150 wp-post-image\" alt=\"Avatar de Bruno Rios\" srcset=\"https:\/\/floripa.wordcamp.org\/2022\/files\/2022\/12\/Bruno-Rios-150x150.png 150w, https:\/\/floripa.wordcamp.org\/2022\/files\/2022\/12\/Bruno-Rios-300x300.png 300w, https:\/\/floripa.wordcamp.org\/2022\/files\/2022\/12\/Bruno-Rios.png 500w\" sizes=\"auto, (max-width: 150px) 100vw, 150px\" \/>\t\t\t<\/a>\n\t\t<\/div>\n\t\n\t\n\t\t\t<div class=\"wordcamp-speakers__sessions\">\n\t\t\t<h4 class=\"wordcamp-speakers__sessions-heading\">\n\t\t\t\tSess\u00e3o\t\t\t<\/h4>\n\n\t\t\t<ul class=\"wordcamp-speakers__sessions-list\">\n\t\t\t\t\t\t\t\t\t\t\t\t\t\t<li class=\"wordcamp-speakers__sessions-list-item\">\n\t\t\t\t\t\t<a class=\"wordcamp-speakers__session-link\" href=\"https:\/\/floripa.wordcamp.org\/2022\/session\/criacao-e-desenvolvimento-de-sites-para-a-geracao-de-resultados\/\">\n\t\t\t\t\t\t\tCria\u00e7\u00e3o e desenvolvimento de sites para a gera\u00e7\u00e3o de resultados\t\t\t\t\t\t<\/a>\n\n\t\t\t\t\t\t<span class=\"wordcamp-speakers__session-info\">\n\t\t\t\t\t\t\t\t\t\t\t\t\t\t\t09\/12\/2022 em 20:20 -03\t\t\t\t\t\t\t\t\t\t\t\t\t<\/span>\n\t\t\t\t\t<\/li>\n\t\t\t\t\t\t\t<\/ul>\n\t\t<\/div>\n\t<\/div>\n\n<\/li><li class=\"wordcamp-post-list__post wordcamp-clearfix\">\n<div class=\"wordcamp-speaker wordcamp-speakers__post slug-clayton-ferreira\">\n\t<h3 class=\"wordcamp-block__item-title wordcamp-speakers__title\" style=\"text-align:center\"><a href=\"https:\/\/floripa.wordcamp.org\/2022\/speaker\/clayton-ferreira\/\">Clayton Ferreira<\/a><\/h3>\n\t\t\t<div class=\"wordcamp-image__avatar-container align-center\">\n\t\t\t<a href=\"https:\/\/floripa.wordcamp.org\/2022\/speaker\/clayton-ferreira\/\" class=\"wordcamp-image__avatar-link\">\n\t\t\t\t<img decoding=\"async\" src=\"https:\/\/secure.gravatar.com\/avatar\/701e95930f23360efb3bd4f0fc4389fd8747fe2bcd4c5971ed32da68413cf4a5?s=150&amp;d=mm&amp;r=g\" alt=\"Avatar de Clayton Ferreira\" \/>\t\t\t<\/a>\n\t\t<\/div>\n\t\n\t\n\t\t\t<div class=\"wordcamp-speakers__sessions\">\n\t\t\t<h4 class=\"wordcamp-speakers__sessions-heading\">\n\t\t\t\tSess\u00e3o\t\t\t<\/h4>\n\n\t\t\t<ul class=\"wordcamp-speakers__sessions-list\">\n\t\t\t\t\t\t\t\t\t\t\t\t\t\t<li class=\"wordcamp-speakers__sessions-list-item\">\n\t\t\t\t\t\t<a class=\"wordcamp-speakers__session-link\" href=\"https:\/\/floripa.wordcamp.org\/2022\/session\/gestor-de-trafego-e-o-wordpress\/\">\n\t\t\t\t\t\t\tGestor de Tr\u00e1fego e o WordPress\t\t\t\t\t\t<\/a>\n\n\t\t\t\t\t\t<span class=\"wordcamp-speakers__session-info\">\n\t\t\t\t\t\t\t\t\t\t\t\t\t\t\t08\/12\/2022 em 19:40 -03\t\t\t\t\t\t\t\t\t\t\t\t\t<\/span>\n\t\t\t\t\t<\/li>\n\t\t\t\t\t\t\t<\/ul>\n\t\t<\/div>\n\t<\/div>\n\n<\/li><li class=\"wordcamp-post-list__post wordcamp-clearfix\">\n<div class=\"wordcamp-speaker wordcamp-speakers__post slug-daniel-paz\">\n\t<h3 class=\"wordcamp-block__item-title wordcamp-speakers__title\" style=\"text-align:center\"><a href=\"https:\/\/floripa.wordcamp.org\/2022\/speaker\/daniel-paz\/\">Daniel Paz<\/a><\/h3>\n\t\t\t<div class=\"wordcamp-image__avatar-container align-center\">\n\t\t\t<a href=\"https:\/\/floripa.wordcamp.org\/2022\/speaker\/daniel-paz\/\" class=\"wordcamp-image__avatar-link\">\n\t\t\t\t<img decoding=\"async\" src=\"https:\/\/secure.gravatar.com\/avatar\/be1aa705d2a4ecc0028646c119241b15c8a560809582d416bfdf388ebcd2768f?s=150&amp;d=mm&amp;r=g\" alt=\"Avatar de Daniel Paz\" \/>\t\t\t<\/a>\n\t\t<\/div>\n\t\n\t\n\t\t\t<div class=\"wordcamp-speakers__sessions\">\n\t\t\t<h4 class=\"wordcamp-speakers__sessions-heading\">\n\t\t\t\tSess\u00e3o\t\t\t<\/h4>\n\n\t\t\t<ul class=\"wordcamp-speakers__sessions-list\">\n\t\t\t\t\t\t\t\t\t\t\t\t\t\t<li class=\"wordcamp-speakers__sessions-list-item\">\n\t\t\t\t\t\t<a class=\"wordcamp-speakers__session-link\" href=\"https:\/\/floripa.wordcamp.org\/2022\/session\/ainda-faz-sentido-usar-amp\/\">\n\t\t\t\t\t\t\tAinda faz sentido usar AMP ?\t\t\t\t\t\t<\/a>\n\n\t\t\t\t\t\t<span class=\"wordcamp-speakers__session-info\">\n\t\t\t\t\t\t\t\t\t\t\t\t\t\t\t09\/12\/2022 em 21:00 -03\t\t\t\t\t\t\t\t\t\t\t\t\t<\/span>\n\t\t\t\t\t<\/li>\n\t\t\t\t\t\t\t<\/ul>\n\t\t<\/div>\n\t<\/div>\n\n<\/li><li class=\"wordcamp-post-list__post wordcamp-clearfix\">\n<div class=\"wordcamp-speaker wordcamp-speakers__post slug-felipe-figueiredo\">\n\t<h3 class=\"wordcamp-block__item-title wordcamp-speakers__title\" style=\"text-align:center\"><a href=\"https:\/\/floripa.wordcamp.org\/2022\/speaker\/felipe-figueiredo\/\">Felipe Figueiredo<\/a><\/h3>\n\t\t\t<div class=\"wordcamp-image__avatar-container align-center\">\n\t\t\t<a href=\"https:\/\/floripa.wordcamp.org\/2022\/speaker\/felipe-figueiredo\/\" class=\"wordcamp-image__avatar-link\">\n\t\t\t\t<img decoding=\"async\" src=\"https:\/\/secure.gravatar.com\/avatar\/f8a960a4c467614755e15639ddbb982eb2446cb7311ce19620d5f1d279f1fd58?s=150&amp;d=mm&amp;r=g\" alt=\"Avatar de Felipe Figueiredo\" \/>\t\t\t<\/a>\n\t\t<\/div>\n\t\n\t\n\t\t\t<div class=\"wordcamp-speakers__sessions\">\n\t\t\t<h4 class=\"wordcamp-speakers__sessions-heading\">\n\t\t\t\tSess\u00e3o\t\t\t<\/h4>\n\n\t\t\t<ul class=\"wordcamp-speakers__sessions-list\">\n\t\t\t\t\t\t\t\t\t\t\t\t\t\t<li class=\"wordcamp-speakers__sessions-list-item\">\n\t\t\t\t\t\t<a class=\"wordcamp-speakers__session-link\" href=\"https:\/\/floripa.wordcamp.org\/2022\/session\/wordpress-like-a-pro\/\">\n\t\t\t\t\t\t\tWordPress Like a Pro\t\t\t\t\t\t<\/a>\n\n\t\t\t\t\t\t<span class=\"wordcamp-speakers__session-info\">\n\t\t\t\t\t\t\t\t\t\t\t\t\t\t\t08\/12\/2022 em 20:20 -03\t\t\t\t\t\t\t\t\t\t\t\t\t<\/span>\n\t\t\t\t\t<\/li>\n\t\t\t\t\t\t\t<\/ul>\n\t\t<\/div>\n\t<\/div>\n\n<\/li><li class=\"wordcamp-post-list__post wordcamp-clearfix\">\n<div class=\"wordcamp-speaker wordcamp-speakers__post slug-fernanda-amorim\">\n\t<h3 class=\"wordcamp-block__item-title wordcamp-speakers__title\" style=\"text-align:center\"><a href=\"https:\/\/floripa.wordcamp.org\/2022\/speaker\/fernanda-amorim\/\">Fernanda Amorim<\/a><\/h3>\n\t\t\t<div class=\"wordcamp-image__avatar-container align-center\">\n\t\t\t<a href=\"https:\/\/floripa.wordcamp.org\/2022\/speaker\/fernanda-amorim\/\" class=\"wordcamp-image__avatar-link\">\n\t\t\t\t<img loading=\"lazy\" decoding=\"async\" width=\"150\" height=\"150\" src=\"https:\/\/floripa.wordcamp.org\/2022\/files\/2022\/12\/fernanda-150x150.jpeg\" class=\"attachment-150x150 size-150x150 wp-post-image\" alt=\"Avatar de Fernanda Amorim\" srcset=\"https:\/\/floripa.wordcamp.org\/2022\/files\/2022\/12\/fernanda-150x150.jpeg 150w, https:\/\/floripa.wordcamp.org\/2022\/files\/2022\/12\/fernanda.jpeg 200w\" sizes=\"auto, (max-width: 150px) 100vw, 150px\" \/>\t\t\t<\/a>\n\t\t<\/div>\n\t\n\t\n\t\t\t<div class=\"wordcamp-speakers__sessions\">\n\t\t\t<h4 class=\"wordcamp-speakers__sessions-heading\">\n\t\t\t\tSess\u00e3o\t\t\t<\/h4>\n\n\t\t\t<ul class=\"wordcamp-speakers__sessions-list\">\n\t\t\t\t\t\t\t\t\t\t\t\t\t\t<li class=\"wordcamp-speakers__sessions-list-item\">\n\t\t\t\t\t\t<a class=\"wordcamp-speakers__session-link\" href=\"https:\/\/floripa.wordcamp.org\/2022\/session\/design-inovacao-e-experimentacao\/\">\n\t\t\t\t\t\t\tDesign, inova\u00e7\u00e3o e experimenta\u00e7\u00e3o\t\t\t\t\t\t<\/a>\n\n\t\t\t\t\t\t<span class=\"wordcamp-speakers__session-info\">\n\t\t\t\t\t\t\t\t\t\t\t\t\t\t\t09\/12\/2022 em 21:40 -03\t\t\t\t\t\t\t\t\t\t\t\t\t<\/span>\n\t\t\t\t\t<\/li>\n\t\t\t\t\t\t\t<\/ul>\n\t\t<\/div>\n\t<\/div>\n\n<\/li><li class=\"wordcamp-post-list__post wordcamp-clearfix\">\n<div class=\"wordcamp-speaker wordcamp-speakers__post slug-fred-marvila\">\n\t<h3 class=\"wordcamp-block__item-title wordcamp-speakers__title\" style=\"text-align:center\"><a href=\"https:\/\/floripa.wordcamp.org\/2022\/speaker\/fred-marvila\/\">Fred Marvila<\/a><\/h3>\n\t\t\t<div class=\"wordcamp-image__avatar-container align-center\">\n\t\t\t<a href=\"https:\/\/floripa.wordcamp.org\/2022\/speaker\/fred-marvila\/\" class=\"wordcamp-image__avatar-link\">\n\t\t\t\t<img decoding=\"async\" src=\"https:\/\/secure.gravatar.com\/avatar\/cb44db84080a923bccb346709fa62275445206f68234e6e76eeb7df588eea9ea?s=150&amp;d=mm&amp;r=g\" alt=\"Avatar de Fred Marvila\" \/>\t\t\t<\/a>\n\t\t<\/div>\n\t\n\t\n\t\t\t<div class=\"wordcamp-speakers__sessions\">\n\t\t\t<h4 class=\"wordcamp-speakers__sessions-heading\">\n\t\t\t\tSess\u00e3o\t\t\t<\/h4>\n\n\t\t\t<ul class=\"wordcamp-speakers__sessions-list\">\n\t\t\t\t\t\t\t\t\t\t\t\t\t\t<li class=\"wordcamp-speakers__sessions-list-item\">\n\t\t\t\t\t\t<a class=\"wordcamp-speakers__session-link\" href=\"https:\/\/floripa.wordcamp.org\/2022\/session\/melhore-a-satisfacao-do-cliente-com-metodos-ageis\/\">\n\t\t\t\t\t\t\tMelhore a satisfa\u00e7\u00e3o do cliente com m\u00e9todos \u00e1geis\t\t\t\t\t\t<\/a>\n\n\t\t\t\t\t\t<span class=\"wordcamp-speakers__session-info\">\n\t\t\t\t\t\t\t\t\t\t\t\t\t\t\t08\/12\/2022 em 21:40 -03\t\t\t\t\t\t\t\t\t\t\t\t\t<\/span>\n\t\t\t\t\t<\/li>\n\t\t\t\t\t\t\t<\/ul>\n\t\t<\/div>\n\t<\/div>\n\n<\/li><li class=\"wordcamp-post-list__post wordcamp-clearfix\">\n<div class=\"wordcamp-speaker wordcamp-speakers__post slug-lucas-adiers-stefanello\">\n\t<h3 class=\"wordcamp-block__item-title wordcamp-speakers__title\" style=\"text-align:center\"><a href=\"https:\/\/floripa.wordcamp.org\/2022\/speaker\/lucas-adiers-stefanello\/\">Lucas Adiers Stefanello<\/a><\/h3>\n\t\t\t<div class=\"wordcamp-image__avatar-container align-center\">\n\t\t\t<a href=\"https:\/\/floripa.wordcamp.org\/2022\/speaker\/lucas-adiers-stefanello\/\" class=\"wordcamp-image__avatar-link\">\n\t\t\t\t<img loading=\"lazy\" decoding=\"async\" width=\"150\" height=\"150\" src=\"https:\/\/floripa.wordcamp.org\/2022\/files\/2022\/12\/lucaswcfloripa-150x150.png\" class=\"attachment-150x150 size-150x150 wp-post-image\" alt=\"Avatar de Lucas Adiers Stefanello\" srcset=\"https:\/\/floripa.wordcamp.org\/2022\/files\/2022\/12\/lucaswcfloripa-150x150.png 150w, https:\/\/floripa.wordcamp.org\/2022\/files\/2022\/12\/lucaswcfloripa-300x300.png 300w, https:\/\/floripa.wordcamp.org\/2022\/files\/2022\/12\/lucaswcfloripa.png 500w\" sizes=\"auto, (max-width: 150px) 100vw, 150px\" \/>\t\t\t<\/a>\n\t\t<\/div>\n\t\n\t\n\t\t\t<div class=\"wordcamp-speakers__sessions\">\n\t\t\t<h4 class=\"wordcamp-speakers__sessions-heading\">\n\t\t\t\tSess\u00f5es\t\t\t<\/h4>\n\n\t\t\t<ul class=\"wordcamp-speakers__sessions-list\">\n\t\t\t\t\t\t\t\t\t\t\t\t\t\t<li class=\"wordcamp-speakers__sessions-list-item\">\n\t\t\t\t\t\t<a class=\"wordcamp-speakers__session-link\" href=\"https:\/\/floripa.wordcamp.org\/2022\/session\/abertura\/\">\n\t\t\t\t\t\t\tDIA 1 &#8211; Abertura\t\t\t\t\t\t<\/a>\n\n\t\t\t\t\t\t<span class=\"wordcamp-speakers__session-info\">\n\t\t\t\t\t\t\t\t\t\t\t\t\t\t\t08\/12\/2022 em 18:30 -03\t\t\t\t\t\t\t\t\t\t\t\t\t<\/span>\n\t\t\t\t\t<\/li>\n\t\t\t\t\t\t\t\t\t\t\t\t\t\t<li class=\"wordcamp-speakers__sessions-list-item\">\n\t\t\t\t\t\t<a class=\"wordcamp-speakers__session-link\" href=\"https:\/\/floripa.wordcamp.org\/2022\/session\/dia-2-abertura\/\">\n\t\t\t\t\t\t\tDIA 2 &#8211; Abertura\t\t\t\t\t\t<\/a>\n\n\t\t\t\t\t\t<span class=\"wordcamp-speakers__session-info\">\n\t\t\t\t\t\t\t\t\t\t\t\t\t\t\t09\/12\/2022 em 18:30 -03\t\t\t\t\t\t\t\t\t\t\t\t\t<\/span>\n\t\t\t\t\t<\/li>\n\t\t\t\t\t\t\t\t\t\t\t\t\t\t<li class=\"wordcamp-speakers__sessions-list-item\">\n\t\t\t\t\t\t<a class=\"wordcamp-speakers__session-link\" href=\"https:\/\/floripa.wordcamp.org\/2022\/session\/festa-happy-hour-presencial-do-wcfloripa\/\">\n\t\t\t\t\t\t\tFESTA &#8211; Happy Hour presencial do WCFloripa\t\t\t\t\t\t<\/a>\n\n\t\t\t\t\t\t<span class=\"wordcamp-speakers__session-info\">\n\t\t\t\t\t\t\t\t\t\t\t\t\t\t\t10\/12\/2022 em 12:30 -03\t\t\t\t\t\t\t\t\t\t\t\t\t<\/span>\n\t\t\t\t\t<\/li>\n\t\t\t\t\t\t\t<\/ul>\n\t\t<\/div>\n\t<\/div>\n\n<\/li><li class=\"wordcamp-post-list__post wordcamp-clearfix\">\n<div class=\"wordcamp-speaker wordcamp-speakers__post slug-max-denvir\">\n\t<h3 class=\"wordcamp-block__item-title wordcamp-speakers__title\" style=\"text-align:center\"><a href=\"https:\/\/floripa.wordcamp.org\/2022\/speaker\/max-denvir\/\">Max Denvir<\/a><\/h3>\n\t\t\t<div class=\"wordcamp-image__avatar-container align-center\">\n\t\t\t<a href=\"https:\/\/floripa.wordcamp.org\/2022\/speaker\/max-denvir\/\" class=\"wordcamp-image__avatar-link\">\n\t\t\t\t<img decoding=\"async\" src=\"https:\/\/secure.gravatar.com\/avatar\/32c5b7cb4184dc8377b3852b29ce21d7162ae13ed25e8e4de5f11f5fbeaa5910?s=150&amp;d=mm&amp;r=g\" alt=\"Avatar de Max Denvir\" \/>\t\t\t<\/a>\n\t\t<\/div>\n\t\n\t\n\t\t\t<div class=\"wordcamp-speakers__sessions\">\n\t\t\t<h4 class=\"wordcamp-speakers__sessions-heading\">\n\t\t\t\tSess\u00e3o\t\t\t<\/h4>\n\n\t\t\t<ul class=\"wordcamp-speakers__sessions-list\">\n\t\t\t\t\t\t\t\t\t\t\t\t\t\t<li class=\"wordcamp-speakers__sessions-list-item\">\n\t\t\t\t\t\t<a class=\"wordcamp-speakers__session-link\" href=\"https:\/\/floripa.wordcamp.org\/2022\/session\/manutencao-evolutiva-como-priorizar-tarefas-e-entregar-valor\/\">\n\t\t\t\t\t\t\tManuten\u00e7\u00e3o evolutiva: como priorizar tarefas e entregar valor\t\t\t\t\t\t<\/a>\n\n\t\t\t\t\t\t<span class=\"wordcamp-speakers__session-info\">\n\t\t\t\t\t\t\t\t\t\t\t\t\t\t\t08\/12\/2022 em 19:00 -03\t\t\t\t\t\t\t\t\t\t\t\t\t<\/span>\n\t\t\t\t\t<\/li>\n\t\t\t\t\t\t\t<\/ul>\n\t\t<\/div>\n\t<\/div>\n\n<\/li><\/ul><\/div><\/div>\n<\/div><\/section>\n","protected":false},"excerpt":{"rendered":"<p>Palestrantes Conhe\u00e7a a galera que vai participar.<\/p>\n","protected":false},"author":15768989,"featured_media":0,"parent":0,"menu_order":0,"comment_status":"closed","ping_status":"closed","template":"","meta":{"_crdt_document":"","jetpack_post_was_ever_published":false,"footnotes":""},"class_list":["post-644","page","type-page","status-publish","hentry"],"jetpack_sharing_enabled":true,"_links":{"self":[{"href":"https:\/\/floripa.wordcamp.org\/2022\/wp-json\/wp\/v2\/pages\/644","targetHints":{"allow":["GET"]}}],"collection":[{"href":"https:\/\/floripa.wordcamp.org\/2022\/wp-json\/wp\/v2\/pages"}],"about":[{"href":"https:\/\/floripa.wordcamp.org\/2022\/wp-json\/wp\/v2\/types\/page"}],"author":[{"embeddable":true,"href":"https:\/\/floripa.wordcamp.org\/2022\/wp-json\/wp\/v2\/users\/15768989"}],"replies":[{"embeddable":true,"href":"https:\/\/floripa.wordcamp.org\/2022\/wp-json\/wp\/v2\/comments?post=644"}],"version-history":[{"count":10,"href":"https:\/\/floripa.wordcamp.org\/2022\/wp-json\/wp\/v2\/pages\/644\/revisions"}],"predecessor-version":[{"id":724,"href":"https:\/\/floripa.wordcamp.org\/2022\/wp-json\/wp\/v2\/pages\/644\/revisions\/724"}],"wp:attachment":[{"href":"https:\/\/floripa.wordcamp.org\/2022\/wp-json\/wp\/v2\/media?parent=644"}],"curies":[{"name":"wp","href":"https:\/\/api.w.org\/{rel}","templated":true}]}}