{"id":8,"date":"2018-01-11T22:32:42","date_gmt":"2018-01-11T22:32:42","guid":{"rendered":"https:\/\/2018.floripa.wordcamp.org\/speakers\/"},"modified":"2018-03-19T17:37:11","modified_gmt":"2018-03-19T20:37:11","slug":"palestrantes","status":"publish","type":"page","link":"https:\/\/floripa.wordcamp.org\/2018\/palestrantes\/","title":{"rendered":"Palestrantes"},"content":{"rendered":"\n\t<div class=\"wcorg-speakers\">\n\n\t\t\n\t\t\t<!-- Organizers note: The id attribute is deprecated and only remains for backwards compatibility, please use the corresponding class to target individual speakers -->\n\t\t\t<div id=\"wcorg-speaker-rafael-funchal\" class=\"wcorg-speaker wcorg-speaker-rafael-funchal wcorg-track-teste\">\n\t\t\t\t<h2>\n\t\t\t\t\t\n\t\t\t\t\t\tRafael Funchal\n\t\t\t\t\t\t\t\t\t<\/h2>\n\n\t\t\t\t<div class=\"wcorg-speaker-description\">\n\t\t\t\t\t<img alt='' src='https:\/\/secure.gravatar.com\/avatar\/f11628da9cf1003b290583f04edc6e9a6c2ae879cedfe30d51375822cccc017c?s=100&#038;d=mm&#038;r=g' srcset='https:\/\/secure.gravatar.com\/avatar\/f11628da9cf1003b290583f04edc6e9a6c2ae879cedfe30d51375822cccc017c?s=200&#038;d=mm&#038;r=g 2x' class='avatar avatar-100 photo' height='100' width='100' \/>\t\t\t\t\t<p>Web developer, publicit\u00e1rio e m\u00fasico nas horas vagas. Desenvolve com WordPress desde 2009, \u00e9 um dos administradores do grupo WordPress Brasil no Facebook, um dos organizadores dos meetups S\u00e3o Paulo e Happiness Engineer no WordPress.com.<\/p>\n\t\t\t\t<\/div>\n\t\t\t<\/div>\n\n\t\t\n\t\t\t<!-- Organizers note: The id attribute is deprecated and only remains for backwards compatibility, please use the corresponding class to target individual speakers -->\n\t\t\t<div id=\"wcorg-speaker-rodrigo-primo\" class=\"wcorg-speaker wcorg-speaker-rodrigo-primo wcorg-track-teste\">\n\t\t\t\t<h2>\n\t\t\t\t\t\n\t\t\t\t\t\tRodrigo Primo\n\t\t\t\t\t\t\t\t\t<\/h2>\n\n\t\t\t\t<div class=\"wcorg-speaker-description\">\n\t\t\t\t\t<img alt='' src='https:\/\/secure.gravatar.com\/avatar\/1dc85457417601db220b14e7fa96c842700fbd1cceecd21d65306c26fffb92cc?s=100&#038;d=mm&#038;r=g' srcset='https:\/\/secure.gravatar.com\/avatar\/1dc85457417601db220b14e7fa96c842700fbd1cceecd21d65306c26fffb92cc?s=200&#038;d=mm&#038;r=g 2x' class='avatar avatar-100 photo' height='100' width='100' \/>\t\t\t\t\t<p>Desenvolvedor de software desde 2005, trabalha na Automattic, onde faz parte da equipe do WooCommerce.<\/p>\n<p>Utiliza o WordPress e contribui com a comunidade desde 2009. Vegetariano, cicloativista, escalador e defensor do software livre.<\/p>\n\t\t\t\t<\/div>\n\t\t\t<\/div>\n\n\t\t\n\t\t\t<!-- Organizers note: The id attribute is deprecated and only remains for backwards compatibility, please use the corresponding class to target individual speakers -->\n\t\t\t<div id=\"wcorg-speaker-vitor-hugo-bastos-cardoso\" class=\"wcorg-speaker wcorg-speaker-vitor-hugo-bastos-cardoso wcorg-track-teste\">\n\t\t\t\t<h2>\n\t\t\t\t\t\n\t\t\t\t\t\tVitor Hugo Bastos Cardoso\n\t\t\t\t\t\t\t\t\t<\/h2>\n\n\t\t\t\t<div class=\"wcorg-speaker-description\">\n\t\t\t\t\t<img alt='' src='https:\/\/secure.gravatar.com\/avatar\/1ebc17c4ce1ebea5a72b6cc86e98db4743a8baa6c7b2b4e4ba5954723dc02ddf?s=100&#038;d=mm&#038;r=g' srcset='https:\/\/secure.gravatar.com\/avatar\/1ebc17c4ce1ebea5a72b6cc86e98db4743a8baa6c7b2b4e4ba5954723dc02ddf?s=200&#038;d=mm&#038;r=g 2x' class='avatar avatar-100 photo' height='100' width='100' \/>\t\t\t\t\t<p>Historiador, professor e desenvolvedor web. Interessado em novas tecnologias para internet, UX Design e M\u00eddias Educacionais. Participa da comunidade WordPress em Florian\u00f3polis e \u00e9 um dos entusiastas do uso da plataforma como uma poderosa ferramenta virtual de aprendizagem.<\/p>\n\t\t\t\t<\/div>\n\t\t\t<\/div>\n\n\t\t\n\t\t\t<!-- Organizers note: The id attribute is deprecated and only remains for backwards compatibility, please use the corresponding class to target individual speakers -->\n\t\t\t<div id=\"wcorg-speaker-samuel-adiers-stefanello\" class=\"wcorg-speaker wcorg-speaker-samuel-adiers-stefanello wcorg-track-teste\">\n\t\t\t\t<h2>\n\t\t\t\t\t\n\t\t\t\t\t\tSamuel Adiers Stefanello\n\t\t\t\t\t\t\t\t\t<\/h2>\n\n\t\t\t\t<div class=\"wcorg-speaker-description\">\n\t\t\t\t\t<img alt='' src='https:\/\/secure.gravatar.com\/avatar\/34447e22754dc8cab845d419e2007ce4cf94c2e83ff7fe0cbf3078bbf976ff42?s=100&#038;d=mm&#038;r=g' srcset='https:\/\/secure.gravatar.com\/avatar\/34447e22754dc8cab845d419e2007ce4cf94c2e83ff7fe0cbf3078bbf976ff42?s=200&#038;d=mm&#038;r=g 2x' class='avatar avatar-100 photo' height='100' width='100' \/>\t\t\t\t\t<p>Profissional respons\u00e1vel pelo gerenciamento de equipes, desenvolvimento e manuten\u00e7\u00e3o de ambientes nas mais diversas complexidades e linguagens de programa\u00e7\u00e3o. Entusiasta de software livre e WP desde que inicou com programa\u00e7\u00e3o. Atualmente \u00e9 Diretor de Tecnologia e s\u00f3cio na InCuca.<\/p>\n\t\t\t\t<\/div>\n\t\t\t<\/div>\n\n\t\t\n\t\t\t<!-- Organizers note: The id attribute is deprecated and only remains for backwards compatibility, please use the corresponding class to target individual speakers -->\n\t\t\t<div id=\"wcorg-speaker-amilton-justino\" class=\"wcorg-speaker wcorg-speaker-amilton-justino wcorg-track-teste\">\n\t\t\t\t<h2>\n\t\t\t\t\t\n\t\t\t\t\t\tAmilton Justino\n\t\t\t\t\t\t\t\t\t<\/h2>\n\n\t\t\t\t<div class=\"wcorg-speaker-description\">\n\t\t\t\t\t<img alt='' src='https:\/\/secure.gravatar.com\/avatar\/b80038806eaaef273db2c0764b0577e43a67616c67956017a5e8903723a2c2b9?s=100&#038;d=mm&#038;r=g' srcset='https:\/\/secure.gravatar.com\/avatar\/b80038806eaaef273db2c0764b0577e43a67616c67956017a5e8903723a2c2b9?s=200&#038;d=mm&#038;r=g 2x' class='avatar avatar-100 photo' height='100' width='100' \/>\t\t\t\t\t<p>S\u00f3cio e Diretor T\u00e9cnico da Insight Solution Team, especialista em Seguran\u00e7a da Informa\u00e7\u00e3o e apaixonado por redes de computadores desde 1995.<\/p>\n<p>Atua como &#8220;BlueTeam&#8221; blindando e protegendo infraestruturas de ambientes online.<\/p>\n<p>Entusiasta por cybersecurity desde 2005 participa de v\u00e1rios eventos e acompanha profissionais da \u00e1rea em pesquisas e temas relacionados.<\/p>\n\t\t\t\t<\/div>\n\t\t\t<\/div>\n\n\t\t\n\t\t\t<!-- Organizers note: The id attribute is deprecated and only remains for backwards compatibility, please use the corresponding class to target individual speakers -->\n\t\t\t<div id=\"wcorg-speaker-lua-ciceri-schwertner\" class=\"wcorg-speaker wcorg-speaker-lua-ciceri-schwertner wcorg-track-teste\">\n\t\t\t\t<h2>\n\t\t\t\t\t\n\t\t\t\t\t\tLu\u00e3 Ciceri Schwertner\n\t\t\t\t\t\t\t\t\t<\/h2>\n\n\t\t\t\t<div class=\"wcorg-speaker-description\">\n\t\t\t\t\t<img alt='' src='https:\/\/secure.gravatar.com\/avatar\/5d9df781e6e954ac16cde5515bc8ef2418856fa0f15811a492242cba2e972bd4?s=100&#038;d=mm&#038;r=g' srcset='https:\/\/secure.gravatar.com\/avatar\/5d9df781e6e954ac16cde5515bc8ef2418856fa0f15811a492242cba2e972bd4?s=200&#038;d=mm&#038;r=g 2x' class='avatar avatar-100 photo' height='100' width='100' \/>\t\t\t\t\t<p>Desenvolvedor Front-End, Analista de SEO e Performance Web. Sou um entusiasta WordPress e acho muito importante disseminar o conhecimento e estar presente na comunidade.<\/p>\n<p>Gosto de compartilhar um pouco do que aprendo no meu blog pessoal (<a href=\"https:\/\/www.lciceris.com.br\/\" target=\"_blank\" rel=\"noopener\">www.lciceris.com.br<\/a>).<\/p>\n\t\t\t\t<\/div>\n\t\t\t<\/div>\n\n\t\t\n\t\t\t<!-- Organizers note: The id attribute is deprecated and only remains for backwards compatibility, please use the corresponding class to target individual speakers -->\n\t\t\t<div id=\"wcorg-speaker-henrique-elias\" class=\"wcorg-speaker wcorg-speaker-henrique-elias wcorg-track-teste\">\n\t\t\t\t<h2>\n\t\t\t\t\t\n\t\t\t\t\t\tHenrique Elias\n\t\t\t\t\t\t\t\t\t<\/h2>\n\n\t\t\t\t<div class=\"wcorg-speaker-description\">\n\t\t\t\t\t<img alt='' src='https:\/\/secure.gravatar.com\/avatar\/8f2a31c72947c64f78184a45168f0eefd411ef49d43f4d1353020404cf71385a?s=100&#038;d=mm&#038;r=g' srcset='https:\/\/secure.gravatar.com\/avatar\/8f2a31c72947c64f78184a45168f0eefd411ef49d43f4d1353020404cf71385a?s=200&#038;d=mm&#038;r=g 2x' class='avatar avatar-100 photo' height='100' width='100' \/>\t\t\t\t\t<p>Empreendedor, investidor, fundador e CEO da empresa Fundamental Inc. | Criamos sites, estruturamos o marketing digital e processos de vendas para pequenas empresas.<\/p>\n\t\t\t\t<\/div>\n\t\t\t<\/div>\n\n\t\t\n\t\t\t<!-- Organizers note: The id attribute is deprecated and only remains for backwards compatibility, please use the corresponding class to target individual speakers -->\n\t\t\t<div id=\"wcorg-speaker-guga-alves\" class=\"wcorg-speaker wcorg-speaker-guga-alves wcorg-track-teste\">\n\t\t\t\t<h2>\n\t\t\t\t\t\n\t\t\t\t\t\tGuga Alves\n\t\t\t\t\t\t\t\t\t<\/h2>\n\n\t\t\t\t<div class=\"wcorg-speaker-description\">\n\t\t\t\t\t<img alt='' src='https:\/\/secure.gravatar.com\/avatar\/ba79a720722a7e7ff59e74e7beaa22b91dd40ca429cfcf0c338d606c5a3fad79?s=100&#038;d=mm&#038;r=g' srcset='https:\/\/secure.gravatar.com\/avatar\/ba79a720722a7e7ff59e74e7beaa22b91dd40ca429cfcf0c338d606c5a3fad79?s=200&#038;d=mm&#038;r=g 2x' class='avatar avatar-100 photo' height='100' width='100' \/>\t\t\t\t\t<p>Desenvolvedor WordPress desde o final de 2007, Guga Alves \u00e9 Analista de Sistemas e P\u00f3s graduado em Gest\u00e3o Estrat\u00e9gica em Marketing Digital e idealizador do site Tudo Para WordPress. Desde novembro de 2015 trabalha na Automattic como Happiness Engineer atendendo usu\u00e1rios do WordPress.com e ajudando a disseminar a cultura WordPress e open source pelo pa\u00eds. Possui s\u00f3lidos conhecimento de SEO, j\u00e1 palestrou em diversos eventos como a Campus Party e WordCamps, edi\u00e7\u00f5es Porto Alegre, S\u00e3o Paulo, Fortaleza e Belo Horizonte, e organizou 2 edi\u00e7\u00f5es do WordCamp RJ.<\/p>\n\t\t\t\t<\/div>\n\t\t\t<\/div>\n\n\t\t\n\t\t\t<!-- Organizers note: The id attribute is deprecated and only remains for backwards compatibility, please use the corresponding class to target individual speakers -->\n\t\t\t<div id=\"wcorg-speaker-daniel-kossmann-ferraz\" class=\"wcorg-speaker wcorg-speaker-daniel-kossmann-ferraz wcorg-track-teste\">\n\t\t\t\t<h2>\n\t\t\t\t\t\n\t\t\t\t\t\tDaniel Kossmann Ferraz\n\t\t\t\t\t\t\t\t\t<\/h2>\n\n\t\t\t\t<div class=\"wcorg-speaker-description\">\n\t\t\t\t\t<img alt='' src='https:\/\/secure.gravatar.com\/avatar\/96e61ebe8bebe42643f8f25f224dd35f4cd3adb0e76ce9119384d574184029f5?s=100&#038;d=mm&#038;r=g' srcset='https:\/\/secure.gravatar.com\/avatar\/96e61ebe8bebe42643f8f25f224dd35f4cd3adb0e76ce9119384d574184029f5?s=200&#038;d=mm&#038;r=g 2x' class='avatar avatar-100 photo' height='100' width='100' \/>\t\t\t\t\t<p>Daniel Kossmann \u00e9 um alquimista digital e fundador da Spiralab, empresa especializada em WordPress. Apaixonado pelo WP desde 2009, tamb\u00e9m faz parte da comunidade WordPress Brasil, sendo um dos organizadores dos eventos em Curitiba e palestrante em todo o Brasil. Al\u00e9m, claro, de participar dos eventos no pa\u00eds e no exterior.<\/p>\n\t\t\t\t<\/div>\n\t\t\t<\/div>\n\n\t\t\n\t\t\t<!-- Organizers note: The id attribute is deprecated and only remains for backwards compatibility, please use the corresponding class to target individual speakers -->\n\t\t\t<div id=\"wcorg-speaker-lucas-simoes-de-carvalho\" class=\"wcorg-speaker wcorg-speaker-lucas-simoes-de-carvalho wcorg-track-teste\">\n\t\t\t\t<h2>\n\t\t\t\t\t\n\t\t\t\t\t\tLucas Sim\u00f5es de Carvalho\n\t\t\t\t\t\t\t\t\t<\/h2>\n\n\t\t\t\t<div class=\"wcorg-speaker-description\">\n\t\t\t\t\t<img alt='' src='https:\/\/secure.gravatar.com\/avatar\/50c067131af65400d34ad0e4f860767e53a13b04866f409d5d1f4e36187b3d85?s=100&#038;d=mm&#038;r=g' srcset='https:\/\/secure.gravatar.com\/avatar\/50c067131af65400d34ad0e4f860767e53a13b04866f409d5d1f4e36187b3d85?s=200&#038;d=mm&#038;r=g 2x' class='avatar avatar-100 photo' height='100' width='100' \/>\t\t\t\t\t<p>Trabalho diariamente com projetos em WordPress desde 2010. Sou fan\u00e1tico pela plataforma e colaborador nas comunidades no Facebook sobre WordPress e WooCommerce.<\/p>\n<p>Atualmente atuo com gest\u00e3o de projetos baseados em WordPress \/ Woocommerce na Yogh.<\/p>\n\t\t\t\t<\/div>\n\t\t\t<\/div>\n\n\t\t\n\t\t\t<!-- Organizers note: The id attribute is deprecated and only remains for backwards compatibility, please use the corresponding class to target individual speakers -->\n\t\t\t<div id=\"wcorg-speaker-walker-leite\" class=\"wcorg-speaker wcorg-speaker-walker-leite wcorg-track-teste\">\n\t\t\t\t<h2>\n\t\t\t\t\t\n\t\t\t\t\t\tWalker Leite\n\t\t\t\t\t\t\t\t\t<\/h2>\n\n\t\t\t\t<div class=\"wcorg-speaker-description\">\n\t\t\t\t\t<img alt='' src='https:\/\/secure.gravatar.com\/avatar\/2535ee942ed7ea7741115a2ff7d2081e9c176ff77974bf515442703f9c1d6280?s=100&#038;d=mm&#038;r=g' srcset='https:\/\/secure.gravatar.com\/avatar\/2535ee942ed7ea7741115a2ff7d2081e9c176ff77974bf515442703f9c1d6280?s=200&#038;d=mm&#038;r=g 2x' class='avatar avatar-100 photo' height='100' width='100' \/>\t\t\t\t\t<p>Aficionado por programar, amante da web e engenheiro de software na InCuca<\/p>\n\t\t\t\t<\/div>\n\t\t\t<\/div>\n\n\t\t\n\t\t\t<!-- Organizers note: The id attribute is deprecated and only remains for backwards compatibility, please use the corresponding class to target individual speakers -->\n\t\t\t<div id=\"wcorg-speaker-ricardo-lima-goncalves\" class=\"wcorg-speaker wcorg-speaker-ricardo-lima-goncalves wcorg-track-teste\">\n\t\t\t\t<h2>\n\t\t\t\t\t\n\t\t\t\t\t\tRicardo Lima Gon\u00e7alves\n\t\t\t\t\t\t\t\t\t<\/h2>\n\n\t\t\t\t<div class=\"wcorg-speaker-description\">\n\t\t\t\t\t<img alt='' src='https:\/\/secure.gravatar.com\/avatar\/2af297da91ab242323a057d42fed1ca64d2400a564a0a9c608f5e14eb9729a06?s=100&#038;d=mm&#038;r=g' srcset='https:\/\/secure.gravatar.com\/avatar\/2af297da91ab242323a057d42fed1ca64d2400a564a0a9c608f5e14eb9729a06?s=200&#038;d=mm&#038;r=g 2x' class='avatar avatar-100 photo' height='100' width='100' \/>\t\t\t\t\t<p>Pai,marido, desenvolvedor h\u00e1 15 anos, graduado em curiosidade com mestrado em se virar. Apaixonado por software livre, trabalha com WordPress desde o 2.6 e fundou a BRGWeb, onde utiliza o WordPress para (quase) tudo. Organizador do Meetup WordPress Blumenau e coorganizador do Hackerspace Blumenau.<\/p>\n\t\t\t\t<\/div>\n\t\t\t<\/div>\n\n\t\t\n\t\t\t<!-- Organizers note: The id attribute is deprecated and only remains for backwards compatibility, please use the corresponding class to target individual speakers -->\n\t\t\t<div id=\"wcorg-speaker-lucas-adiers-stefanello\" class=\"wcorg-speaker wcorg-speaker-lucas-adiers-stefanello wcorg-track-teste\">\n\t\t\t\t<h2>\n\t\t\t\t\t\n\t\t\t\t\t\tLucas Adiers Stefanello\n\t\t\t\t\t\t\t\t\t<\/h2>\n\n\t\t\t\t<div class=\"wcorg-speaker-description\">\n\t\t\t\t\t<img alt='' src='https:\/\/secure.gravatar.com\/avatar\/6612d9483e05b8caf87b9acadbfec1f5e77e2b0de34278bd2335338e34ffebf8?s=100&#038;d=mm&#038;r=g' srcset='https:\/\/secure.gravatar.com\/avatar\/6612d9483e05b8caf87b9acadbfec1f5e77e2b0de34278bd2335338e34ffebf8?s=200&#038;d=mm&#038;r=g 2x' class='avatar avatar-100 photo' height='100' width='100' \/>\t\t\t\t\t<p>Diretor na <a href=\"https:\/\/incuca.net\" target=\"_blank\" rel=\"noopener nofollow\">InCuca<\/a>. Construtor de ambientes de alta performance na internet. Apaixonado por tecnologia e comunica\u00e7\u00e3o \u00e9 empreendedor e desenvolvedor WordPress desde suas primeiras vers\u00f5es em 2005, jornalista, analista de sistemas e de projetos digitais.<\/p>\n\t\t\t\t<\/div>\n\t\t\t<\/div>\n\n\t\t\n\t\t\t<!-- Organizers note: The id attribute is deprecated and only remains for backwards compatibility, please use the corresponding class to target individual speakers -->\n\t\t\t<div id=\"wcorg-speaker-josafa-rohde\" class=\"wcorg-speaker wcorg-speaker-josafa-rohde wcorg-track-teste\">\n\t\t\t\t<h2>\n\t\t\t\t\t\n\t\t\t\t\t\tJosaf\u00e1 Rohde\n\t\t\t\t\t\t\t\t\t<\/h2>\n\n\t\t\t\t<div class=\"wcorg-speaker-description\">\n\t\t\t\t\t<img alt='' src='https:\/\/secure.gravatar.com\/avatar\/5ec0d72c42a71d21d26a6ecb6657370d4556117168f7710f9edaa1ae432570ee?s=100&#038;d=mm&#038;r=g' srcset='https:\/\/secure.gravatar.com\/avatar\/5ec0d72c42a71d21d26a6ecb6657370d4556117168f7710f9edaa1ae432570ee?s=200&#038;d=mm&#038;r=g 2x' class='avatar avatar-100 photo' height='100' width='100' \/>\t\t\t\t\t<p>CEO da runningdigital, \u00e9 formado em jornalismo pela UFSM, com MBA em M\u00eddias Digitais e Comunica\u00e7\u00e3o Online. Trabalha h\u00e1 quase 10 anos com marketing digital e tem experi\u00eancia em varejo, ind\u00fastria, pol\u00edtica e empresas de m\u00eddia.<\/p>\n\t\t\t\t<\/div>\n\t\t\t<\/div>\n\n\t\t\n\t<\/div>\n\n\t\n","protected":false},"excerpt":{"rendered":"","protected":false},"author":13201568,"featured_media":0,"parent":0,"menu_order":0,"comment_status":"closed","ping_status":"closed","template":"","meta":{"_crdt_document":"","jetpack_post_was_ever_published":false,"footnotes":""},"class_list":["post-8","page","type-page","status-publish","hentry"],"jetpack_sharing_enabled":true,"jetpack_shortlink":"https:\/\/wp.me\/P9ygkj-8","_links":{"self":[{"href":"https:\/\/floripa.wordcamp.org\/2018\/wp-json\/wp\/v2\/pages\/8","targetHints":{"allow":["GET"]}}],"collection":[{"href":"https:\/\/floripa.wordcamp.org\/2018\/wp-json\/wp\/v2\/pages"}],"about":[{"href":"https:\/\/floripa.wordcamp.org\/2018\/wp-json\/wp\/v2\/types\/page"}],"author":[{"embeddable":true,"href":"https:\/\/floripa.wordcamp.org\/2018\/wp-json\/wp\/v2\/users\/13201568"}],"replies":[{"embeddable":true,"href":"https:\/\/floripa.wordcamp.org\/2018\/wp-json\/wp\/v2\/comments?post=8"}],"version-history":[{"count":3,"href":"https:\/\/floripa.wordcamp.org\/2018\/wp-json\/wp\/v2\/pages\/8\/revisions"}],"predecessor-version":[{"id":770,"href":"https:\/\/floripa.wordcamp.org\/2018\/wp-json\/wp\/v2\/pages\/8\/revisions\/770"}],"wp:attachment":[{"href":"https:\/\/floripa.wordcamp.org\/2018\/wp-json\/wp\/v2\/media?parent=8"}],"curies":[{"name":"wp","href":"https:\/\/api.w.org\/{rel}","templated":true}]}}