{"id":7,"date":"2018-01-11T22:32:42","date_gmt":"2018-01-11T22:32:42","guid":{"rendered":"https:\/\/2018.floripa.wordcamp.org\/schedule\/"},"modified":"2018-03-20T17:54:26","modified_gmt":"2018-03-20T20:54:26","slug":"programacao","status":"publish","type":"page","link":"https:\/\/floripa.wordcamp.org\/2018\/programacao\/","title":{"rendered":"Programa\u00e7\u00e3o"},"content":{"rendered":"<h3> S\u00e1bado, dia 07 de Abril de 2018 no SENAC Florian\u00f3polis. <\/h3>\n<p>Confira a programa\u00e7\u00e3o para o dia do evento.<\/p>\n<table class=\"wcpt-schedule\" border=\"0\"><thead><tr><th class=\"wcpt-col-time\">Hora<\/th><th class=\"wcpt-col-track\"> <span class=\"wcpt-track-name\">Principal<\/span> <span class=\"wcpt-track-description\"><\/span> <\/th><\/tr><\/thead><tbody><tr class=\"wcpt-time-0800 global-session credenciamento\"><td class=\"wcpt-time\">08:00<\/td><td colspan=\"1\" class=\"wcb-track-teste wcpt-session-type-custom wcb-session-credenciamento\" data-track-title=\"Principal\" data-session-id=\"684\"><div class=\"wcb-session-cell-content\"><span class=\"wcpt-session-title\">Credenciamento<\/span><\/div><\/td><\/tr><tr class=\"wcpt-time-0900 global-session abertura\"><td class=\"wcpt-time\">09:00<\/td><td colspan=\"1\" class=\"wcb-speaker-lucas-adiers-stefanello wcb-track-teste wcpt-session-type-session wcb-session-abertura\" data-track-title=\"Principal\" data-session-id=\"686\"><div class=\"wcb-session-cell-content\"><a class=\"wcpt-session-title\" href=\"https:\/\/floripa.wordcamp.org\/2018\/session\/abertura\/\">Abertura<\/a> <span class=\"wcpt-session-speakers\"><a href=\"https:\/\/floripa.wordcamp.org\/2018\/palestrantes\/#wcorg-speaker-lucas-adiers-stefanello\">Lucas Adiers Stefanello<\/a><\/span><\/div><div class=\"wcb-session-favourite-icon\"><a href=\"#\" role=\"button\" class=\"fav-session-button\" aria-pressed=\"false\"><span class=\"screen-reader-text\">Palestra favorita: Abertura<\/span><span class=\"dashicons dashicons-star-filled\"><\/span><\/a><\/div><\/td><\/tr><tr class=\"wcpt-time-0930 global-session marketing-digital-fazendo-o-que-realmente-importa\"><td class=\"wcpt-time\">09:30<\/td><td colspan=\"1\" class=\"wcb-speaker-josafa-rohde wcb-track-teste wcpt-session-type-session wcb-session-marketing-digital-fazendo-o-que-realmente-importa\" data-track-title=\"Principal\" data-session-id=\"693\"><div class=\"wcb-session-cell-content\"><a class=\"wcpt-session-title\" href=\"https:\/\/floripa.wordcamp.org\/2018\/session\/marketing-digital-fazendo-o-que-realmente-importa\/\">Marketing Digital: fazendo o que realmente importa<\/a> <span class=\"wcpt-session-speakers\"><a href=\"https:\/\/floripa.wordcamp.org\/2018\/palestrantes\/#wcorg-speaker-josafa-rohde\">Josaf\u00e1 Rohde<\/a><\/span><\/div><div class=\"wcb-session-favourite-icon\"><a href=\"#\" role=\"button\" class=\"fav-session-button\" aria-pressed=\"false\"><span class=\"screen-reader-text\">Palestra favorita: Marketing Digital: fazendo o que realmente importa<\/span><span class=\"dashicons dashicons-star-filled\"><\/span><\/a><\/div><\/td><\/tr><tr class=\"wcpt-time-1000 global-session web-apps-levando-seu-wordpress-aonde-ele-nunca-esteve\"><td class=\"wcpt-time\">10:00<\/td><td colspan=\"1\" class=\"wcb-speaker-ricardo-lima-goncalves wcb-track-teste wcpt-session-type-session wcb-session-web-apps-levando-seu-wordpress-aonde-ele-nunca-esteve\" data-track-title=\"Principal\" data-session-id=\"695\"><div class=\"wcb-session-cell-content\"><a class=\"wcpt-session-title\" href=\"https:\/\/floripa.wordcamp.org\/2018\/session\/web-apps-levando-seu-wordpress-aonde-ele-nunca-esteve\/\">Web Apps: levando seu WordPress aonde ele nunca esteve<\/a> <span class=\"wcpt-session-speakers\"><a href=\"https:\/\/floripa.wordcamp.org\/2018\/palestrantes\/#wcorg-speaker-ricardo-lima-goncalves\">Ricardo Lima Gon\u00e7alves<\/a><\/span><\/div><div class=\"wcb-session-favourite-icon\"><a href=\"#\" role=\"button\" class=\"fav-session-button\" aria-pressed=\"false\"><span class=\"screen-reader-text\">Palestra favorita: Web Apps: levando seu WordPress aonde ele nunca esteve<\/span><span class=\"dashicons dashicons-star-filled\"><\/span><\/a><\/div><\/td><\/tr><tr class=\"wcpt-time-1030 global-session coffee-break\"><td class=\"wcpt-time\">10:30<\/td><td colspan=\"1\" class=\"wcb-track-teste wcpt-session-type-custom wcb-session-coffee-break\" data-track-title=\"Principal\" data-session-id=\"729\"><div class=\"wcb-session-cell-content\"><span class=\"wcpt-session-title\">Coffee Break<\/span><\/div><\/td><\/tr><tr class=\"wcpt-time-1100 global-session criando-web-components-interoperveis-com-vue-js-para-o-wordpress\"><td class=\"wcpt-time\">11:00<\/td><td colspan=\"1\" class=\"wcb-speaker-walker-leite wcb-track-teste wcb-session-category-desenvolvimento wcpt-session-type-session wcb-session-728\" data-track-title=\"Principal\" data-session-id=\"728\"><div class=\"wcb-session-cell-content\"><a class=\"wcpt-session-title\" href=\"https:\/\/floripa.wordcamp.org\/2018\/session\/728\/\">Criando web-components interoper\u00e1veis com Vue.js para o WordPress<\/a> <span class=\"wcpt-session-speakers\"><a href=\"https:\/\/floripa.wordcamp.org\/2018\/palestrantes\/#wcorg-speaker-walker-leite\">Walker Leite<\/a><\/span><\/div><div class=\"wcb-session-favourite-icon\"><a href=\"#\" role=\"button\" class=\"fav-session-button\" aria-pressed=\"false\"><span class=\"screen-reader-text\">Palestra favorita: Criando web-components interoper\u00e1veis com Vue.js para o WordPress<\/span><span class=\"dashicons dashicons-star-filled\"><\/span><\/a><\/div><\/td><\/tr><tr class=\"wcpt-time-1130 global-session desmistificando-o-uso-de-temas-prontos-em-wordpress\"><td class=\"wcpt-time\">11:30<\/td><td colspan=\"1\" class=\"wcb-speaker-lucas-simoes-de-carvalho wcb-track-teste wcb-session-category-negocios wcpt-session-type-session wcb-session-desmistificando-o-uso-de-temas-prontos-em-wordpress\" data-track-title=\"Principal\" data-session-id=\"735\"><div class=\"wcb-session-cell-content\"><a class=\"wcpt-session-title\" href=\"https:\/\/floripa.wordcamp.org\/2018\/session\/desmistificando-o-uso-de-temas-prontos-em-wordpress\/\">Desmistificando o uso de temas &#8220;prontos&#8221; em WordPress<\/a> <span class=\"wcpt-session-speakers\"><a href=\"https:\/\/floripa.wordcamp.org\/2018\/palestrantes\/#wcorg-speaker-lucas-simoes-de-carvalho\">Lucas Sim\u00f5es de Carvalho<\/a><\/span><\/div><div class=\"wcb-session-favourite-icon\"><a href=\"#\" role=\"button\" class=\"fav-session-button\" aria-pressed=\"false\"><span class=\"screen-reader-text\">Palestra favorita: Desmistificando o uso de temas &#8220;prontos&#8221; em WordPress<\/span><span class=\"dashicons dashicons-star-filled\"><\/span><\/a><\/div><\/td><\/tr><tr class=\"wcpt-time-1200 global-session gutenberg-o-que--e-qual-seu-impacto-no-wordpress\"><td class=\"wcpt-time\">12:00<\/td><td colspan=\"1\" class=\"wcb-speaker-daniel-kossmann-ferraz wcb-track-teste wcb-session-category-negocios wcpt-session-type-session wcb-session-gutenberg-o-que-e-e-qual-seu-impacto-no-wordpress\" data-track-title=\"Principal\" data-session-id=\"737\"><div class=\"wcb-session-cell-content\"><a class=\"wcpt-session-title\" href=\"https:\/\/floripa.wordcamp.org\/2018\/session\/gutenberg-o-que-e-e-qual-seu-impacto-no-wordpress\/\">Gutenberg: o que \u00e9 e qual seu impacto no WordPress<\/a> <span class=\"wcpt-session-speakers\"><a href=\"https:\/\/floripa.wordcamp.org\/2018\/palestrantes\/#wcorg-speaker-daniel-kossmann-ferraz\">Daniel Kossmann Ferraz<\/a><\/span><\/div><div class=\"wcb-session-favourite-icon\"><a href=\"#\" role=\"button\" class=\"fav-session-button\" aria-pressed=\"false\"><span class=\"screen-reader-text\">Palestra favorita: Gutenberg: o que \u00e9 e qual seu impacto no WordPress<\/span><span class=\"dashicons dashicons-star-filled\"><\/span><\/a><\/div><\/td><\/tr><tr class=\"wcpt-time-1230 global-session almoo\"><td class=\"wcpt-time\">12:30<\/td><td colspan=\"1\" class=\"wcb-track-teste wcpt-session-type-custom wcb-session-almoco\" data-track-title=\"Principal\" data-session-id=\"742\"><div class=\"wcb-session-cell-content\"><span class=\"wcpt-session-title\">Almo\u00e7o<\/span><\/div><\/td><\/tr><tr class=\"wcpt-time-1330 global-session mvp-com-wordpress\"><td class=\"wcpt-time\">13:30<\/td><td colspan=\"1\" class=\"wcb-speaker-henrique-elias wcb-track-teste wcb-session-category-negocios wcpt-session-type-session wcb-session-mvp-com-wordpress\" data-track-title=\"Principal\" data-session-id=\"744\"><div class=\"wcb-session-cell-content\"><a class=\"wcpt-session-title\" href=\"https:\/\/floripa.wordcamp.org\/2018\/session\/mvp-com-wordpress\/\">MVP com WordPress<\/a> <span class=\"wcpt-session-speakers\"><a href=\"https:\/\/floripa.wordcamp.org\/2018\/palestrantes\/#wcorg-speaker-henrique-elias\">Henrique Elias<\/a><\/span><\/div><div class=\"wcb-session-favourite-icon\"><a href=\"#\" role=\"button\" class=\"fav-session-button\" aria-pressed=\"false\"><span class=\"screen-reader-text\">Palestra favorita: MVP com WordPress<\/span><span class=\"dashicons dashicons-star-filled\"><\/span><\/a><\/div><\/td><\/tr><tr class=\"wcpt-time-1400 global-session seo-para-wordpress-da-implementao-ao-teste\"><td class=\"wcpt-time\">14:00<\/td><td colspan=\"1\" class=\"wcb-speaker-lua-ciceri-schwertner wcb-track-teste wcb-session-category-desenvolvimento wcpt-session-type-session wcb-session-seo-para-wordpress-da-implementacao-ao-teste\" data-track-title=\"Principal\" data-session-id=\"746\"><div class=\"wcb-session-cell-content\"><a class=\"wcpt-session-title\" href=\"https:\/\/floripa.wordcamp.org\/2018\/session\/seo-para-wordpress-da-implementacao-ao-teste\/\">SEO para WordPress: da implementa\u00e7\u00e3o ao teste<\/a> <span class=\"wcpt-session-speakers\"><a href=\"https:\/\/floripa.wordcamp.org\/2018\/palestrantes\/#wcorg-speaker-lua-ciceri-schwertner\">Lu\u00e3 Ciceri Schwertner<\/a><\/span><\/div><div class=\"wcb-session-favourite-icon\"><a href=\"#\" role=\"button\" class=\"fav-session-button\" aria-pressed=\"false\"><span class=\"screen-reader-text\">Palestra favorita: SEO para WordPress: da implementa\u00e7\u00e3o ao teste<\/span><span class=\"dashicons dashicons-star-filled\"><\/span><\/a><\/div><\/td><\/tr><tr class=\"wcpt-time-1430 global-session armored-wordpress\"><td class=\"wcpt-time\">14:30<\/td><td colspan=\"1\" class=\"wcb-speaker-amilton-justino wcb-track-teste wcb-session-category-desenvolvimento wcpt-session-type-session wcb-session-armored-wordpress\" data-track-title=\"Principal\" data-session-id=\"748\"><div class=\"wcb-session-cell-content\"><a class=\"wcpt-session-title\" href=\"https:\/\/floripa.wordcamp.org\/2018\/session\/armored-wordpress\/\">Armored WordPress<\/a> <span class=\"wcpt-session-speakers\"><a href=\"https:\/\/floripa.wordcamp.org\/2018\/palestrantes\/#wcorg-speaker-amilton-justino\">Amilton Justino<\/a><\/span><\/div><div class=\"wcb-session-favourite-icon\"><a href=\"#\" role=\"button\" class=\"fav-session-button\" aria-pressed=\"false\"><span class=\"screen-reader-text\">Palestra favorita: Armored WordPress<\/span><span class=\"dashicons dashicons-star-filled\"><\/span><\/a><\/div><\/td><\/tr><tr class=\"wcpt-time-1500 global-session armored-wordpress-ii-agora-ele-voa\"><td class=\"wcpt-time\">15:00<\/td><td colspan=\"1\" class=\"wcb-speaker-samuel-adiers-stefanello wcb-track-teste wcb-session-category-desenvolvimento wcpt-session-type-session wcb-session-armored-wordpress-ii-agora-ele-voa\" data-track-title=\"Principal\" data-session-id=\"751\"><div class=\"wcb-session-cell-content\"><a class=\"wcpt-session-title\" href=\"https:\/\/floripa.wordcamp.org\/2018\/session\/armored-wordpress-ii-agora-ele-voa\/\">Armored WordPress II: agora ele voa.<\/a> <span class=\"wcpt-session-speakers\"><a href=\"https:\/\/floripa.wordcamp.org\/2018\/palestrantes\/#wcorg-speaker-samuel-adiers-stefanello\">Samuel Adiers Stefanello<\/a><\/span><\/div><div class=\"wcb-session-favourite-icon\"><a href=\"#\" role=\"button\" class=\"fav-session-button\" aria-pressed=\"false\"><span class=\"screen-reader-text\">Palestra favorita: Armored WordPress II: agora ele voa.<\/span><span class=\"dashicons dashicons-star-filled\"><\/span><\/a><\/div><\/td><\/tr><tr class=\"wcpt-time-1530 global-session o-potencial-didtico-do-wordpress-no-ensino-aprendizagem-de-programao\"><td class=\"wcpt-time\">15:30<\/td><td colspan=\"1\" class=\"wcb-speaker-vitor-hugo-bastos-cardoso wcb-track-teste wcb-session-category-desenvolvimento wcpt-session-type-session wcb-session-o-potencial-didatico-do-wordpress-no-ensino-aprendizagem-de-programacao\" data-track-title=\"Principal\" data-session-id=\"754\"><div class=\"wcb-session-cell-content\"><a class=\"wcpt-session-title\" href=\"https:\/\/floripa.wordcamp.org\/2018\/session\/o-potencial-didatico-do-wordpress-no-ensino-aprendizagem-de-programacao\/\">O potencial did\u00e1tico do WordPress no ensino-aprendizagem de Programa\u00e7\u00e3o<\/a> <span class=\"wcpt-session-speakers\"><a href=\"https:\/\/floripa.wordcamp.org\/2018\/palestrantes\/#wcorg-speaker-vitor-hugo-bastos-cardoso\">Vitor Hugo Bastos Cardoso<\/a><\/span><\/div><div class=\"wcb-session-favourite-icon\"><a href=\"#\" role=\"button\" class=\"fav-session-button\" aria-pressed=\"false\"><span class=\"screen-reader-text\">Palestra favorita: O potencial did\u00e1tico do WordPress no ensino-aprendizagem de Programa\u00e7\u00e3o<\/span><span class=\"dashicons dashicons-star-filled\"><\/span><\/a><\/div><\/td><\/tr><tr class=\"wcpt-time-1600 global-session coffee-break\"><td class=\"wcpt-time\">16:00<\/td><td colspan=\"1\" class=\"wcb-track-teste wcpt-session-type-custom wcb-session-coffee-break-2\" data-track-title=\"Principal\" data-session-id=\"757\"><div class=\"wcb-session-cell-content\"><span class=\"wcpt-session-title\">Coffee Break<\/span><\/div><\/td><\/tr><tr class=\"wcpt-time-1630 global-session como-colaborar-com-a-comunidade-wordpress-e-crescer-com-isso\"><td class=\"wcpt-time\">16:30<\/td><td colspan=\"1\" class=\"wcb-speaker-guga-alves wcb-track-teste wcb-session-category-comunidade wcpt-session-type-session wcb-session-mais-diversidade-nos-eventos-do-wordpress\" data-track-title=\"Principal\" data-session-id=\"739\"><div class=\"wcb-session-cell-content\"><a class=\"wcpt-session-title\" href=\"https:\/\/floripa.wordcamp.org\/2018\/session\/mais-diversidade-nos-eventos-do-wordpress\/\">Como colaborar com a comunidade WordPress (e crescer com isso)<\/a> <span class=\"wcpt-session-speakers\"><a href=\"https:\/\/floripa.wordcamp.org\/2018\/palestrantes\/#wcorg-speaker-guga-alves\">Guga Alves<\/a><\/span><\/div><div class=\"wcb-session-favourite-icon\"><a href=\"#\" role=\"button\" class=\"fav-session-button\" aria-pressed=\"false\"><span class=\"screen-reader-text\">Palestra favorita: Como colaborar com a comunidade WordPress (e crescer com isso)<\/span><span class=\"dashicons dashicons-star-filled\"><\/span><\/a><\/div><\/td><\/tr><tr class=\"wcpt-time-1700 global-session como-contribuir-com-o-desenvolvimento-do-core-do-wordpress\"><td class=\"wcpt-time\">17:00<\/td><td colspan=\"1\" class=\"wcb-speaker-rodrigo-primo wcb-track-teste wcb-session-category-desenvolvimento wcpt-session-type-session wcb-session-como-contribuir-com-o-desenvolvimento-do-core-do-wordpress\" data-track-title=\"Principal\" data-session-id=\"759\"><div class=\"wcb-session-cell-content\"><a class=\"wcpt-session-title\" href=\"https:\/\/floripa.wordcamp.org\/2018\/session\/como-contribuir-com-o-desenvolvimento-do-core-do-wordpress\/\">Como contribuir com o desenvolvimento do core do WordPress<\/a> <span class=\"wcpt-session-speakers\"><a href=\"https:\/\/floripa.wordcamp.org\/2018\/palestrantes\/#wcorg-speaker-rodrigo-primo\">Rodrigo Primo<\/a><\/span><\/div><div class=\"wcb-session-favourite-icon\"><a href=\"#\" role=\"button\" class=\"fav-session-button\" aria-pressed=\"false\"><span class=\"screen-reader-text\">Palestra favorita: Como contribuir com o desenvolvimento do core do WordPress<\/span><span class=\"dashicons dashicons-star-filled\"><\/span><\/a><\/div><\/td><\/tr><tr class=\"wcpt-time-1730 global-session configurando-ssl-com-lets-encrypt-easyengine-e-wp-cli\"><td class=\"wcpt-time\">17:30<\/td><td colspan=\"1\" class=\"wcb-speaker-rafael-funchal wcb-track-teste wcb-session-category-desenvolvimento wcpt-session-type-session wcb-session-configurando-easy-engine-wpcli\" data-track-title=\"Principal\" data-session-id=\"763\"><div class=\"wcb-session-cell-content\"><a class=\"wcpt-session-title\" href=\"https:\/\/floripa.wordcamp.org\/2018\/session\/configurando-easy-engine-wpcli\/\">Configurando SSL com Let\u2019s Encrypt, EasyEngine e WP-CLI<\/a> <span class=\"wcpt-session-speakers\"><a href=\"https:\/\/floripa.wordcamp.org\/2018\/palestrantes\/#wcorg-speaker-rafael-funchal\">Rafael Funchal<\/a><\/span><\/div><div class=\"wcb-session-favourite-icon\"><a href=\"#\" role=\"button\" class=\"fav-session-button\" aria-pressed=\"false\"><span class=\"screen-reader-text\">Palestra favorita: Configurando SSL com Let\u2019s Encrypt, EasyEngine e WP-CLI<\/span><span class=\"dashicons dashicons-star-filled\"><\/span><\/a><\/div><\/td><\/tr><tr class=\"wcpt-time-1800 global-session encerramento\"><td class=\"wcpt-time\">18:00<\/td><td colspan=\"1\" class=\"wcb-track-teste wcpt-session-type-custom wcb-session-encerramento\" data-track-title=\"Principal\" data-session-id=\"767\"><div class=\"wcb-session-cell-content\"><span class=\"wcpt-session-title\">Encerramento<\/span><\/div><\/td><\/tr><tr class=\"wcpt-time-1830 global-session wordcana-canto-do-noel\"><td class=\"wcpt-time\">18:30<\/td><td colspan=\"1\" class=\"wcb-track-teste wcpt-session-type-custom wcb-session-wordcana\" data-track-title=\"Principal\" data-session-id=\"827\"><div class=\"wcb-session-cell-content\"><span class=\"wcpt-session-title\">WordCana &#8211; Canto do Noel<\/span><\/div><\/td><\/tr><\/tbody><\/table>\n\t<div class=\"email-form fav-session-email-form-hide\">\n\t\t<!-- Tab links -->\n\t\t<div class=\"fav-session-share-tab\">\n\t\t\t\t\t\t\t<div class=\"fav-session-tablinks\" id=\"fav-session-btn-email\">\n\t\t\t\t\tE-mail\t\t\t\t<\/div>\n\t\t\t\n\t\t\t<div class=\"fav-session-tablinks\" id=\"fav-session-btn-link\">\n\t\t\t\tLink\t\t\t<\/div>\n\n\t\t\t<div class=\"fav-session-tablinks\" id=\"fav-session-btn-print\">\n\t\t\t\tImprimir\t\t\t<\/div>\n\t\t<\/div>\n\n\t\t<!-- Tab content -->\n\t\t\t\t\t<div id=\"fav-session-tab-email\" class=\"fav-session-share-tabcontent\">\n\t\t\t\t<div id=\"fav-session-email-form\">\n\t\t\t\t\tEnvie-me minhas sess\u00f5es favoritas:\n\t\t\t\t\t<form id=\"fav-sessions-form\">\n\t\t\t\t\t\t<input\n\t\t\t\t\t\t\ttype=\"text\"\n\t\t\t\t\t\t\tname=\"email_address\"\n\t\t\t\t\t\t\tid=\"fav-sessions-email-address\"\n\t\t\t\t\t\t\tplaceholder=\"me@protonmail.com\"\n\t\t\t\t\t\t\/>\n\t\t\t\t\t\t<input type=\"submit\" value=\"Enviar\" \/>\n\t\t\t\t\t<\/form>\n\t\t\t\t<\/div>\n\n\t\t\t\t<div class=\"fav-session-email-wait-spinner\"><\/div>\n\t\t\t\t<div class=\"fav-session-email-result\"><\/div>\n\t\t\t<\/div>\n\t\t\n\t\t<div id=\"fav-session-tab-link\" class=\"fav-session-share-tabcontent\">\n\t\t\tLink compartilh\u00e1vel:\t\t\t<br \/>\n\t\t\t<a id=\"fav-sessions-link\" href=\"\"><\/a>\n\t\t<\/div>\n\n\t\t<div id=\"fav-session-tab-print\" class=\"fav-session-share-tabcontent\">\n\t\t\t<button id=\"fav-session-print\">\n\t\t\t\tImprimir sess\u00f5es favoritas\t\t\t<\/button>\n\t\t<\/div>\n\t<\/div>\n\n\t<a class=\"show-email-form\" href=\"javascript:\">\n\t\t<span class=\"dashicons dashicons-star-filled\"><\/span>\n\t\t<span class=\"dashicons dashicons-email-alt\"><\/span>\n\t<\/a>\n\n\t\n","protected":false},"excerpt":{"rendered":"<p>S\u00e1bado, dia 07 de Abril de 2018 no SENAC Florian\u00f3polis. Confira a programa\u00e7\u00e3o para o dia do evento.<\/p>\n","protected":false},"author":13201568,"featured_media":0,"parent":0,"menu_order":0,"comment_status":"closed","ping_status":"closed","template":"","meta":{"_crdt_document":"","jetpack_post_was_ever_published":false,"footnotes":""},"class_list":["post-7","page","type-page","status-publish","hentry"],"jetpack_sharing_enabled":true,"jetpack_shortlink":"https:\/\/wp.me\/P9ygkj-7","_links":{"self":[{"href":"https:\/\/floripa.wordcamp.org\/2018\/wp-json\/wp\/v2\/pages\/7","targetHints":{"allow":["GET"]}}],"collection":[{"href":"https:\/\/floripa.wordcamp.org\/2018\/wp-json\/wp\/v2\/pages"}],"about":[{"href":"https:\/\/floripa.wordcamp.org\/2018\/wp-json\/wp\/v2\/types\/page"}],"author":[{"embeddable":true,"href":"https:\/\/floripa.wordcamp.org\/2018\/wp-json\/wp\/v2\/users\/13201568"}],"replies":[{"embeddable":true,"href":"https:\/\/floripa.wordcamp.org\/2018\/wp-json\/wp\/v2\/comments?post=7"}],"version-history":[{"count":10,"href":"https:\/\/floripa.wordcamp.org\/2018\/wp-json\/wp\/v2\/pages\/7\/revisions"}],"predecessor-version":[{"id":879,"href":"https:\/\/floripa.wordcamp.org\/2018\/wp-json\/wp\/v2\/pages\/7\/revisions\/879"}],"wp:attachment":[{"href":"https:\/\/floripa.wordcamp.org\/2018\/wp-json\/wp\/v2\/media?parent=7"}],"curies":[{"name":"wp","href":"https:\/\/api.w.org\/{rel}","templated":true}]}}