{"id":180,"date":"2018-02-16T00:57:04","date_gmt":"2018-02-16T00:57:04","guid":{"rendered":"https:\/\/2018.floripa.wordcamp.org\/?page_id=180"},"modified":"2019-04-15T16:38:20","modified_gmt":"2019-04-15T19:38:20","slug":"home","status":"publish","type":"page","link":"https:\/\/floripa.wordcamp.org\/2018\/","title":{"rendered":"home"},"content":{"rendered":"<section><img decoding=\"async\" src=\"\/files\/2018\/02\/logo-home.png\" alt=\"logo-wordcamp-florianopolis\" \/><\/p>\n<h1>S\u00e1bado &#8211; 07\/04 &#8211; 9h &#8211; SENAC Centro<\/h1>\n<h3>Florian\u00f3polis &#8211; Santa Catarina &#8211; Brasil<\/h3>\n<p><strong>OBRIGADO PELA PARTICIPA\u00c7\u00c3O E AT\u00c9 O PR\u00d3XIMO<\/strong><\/p>\n<\/section>\n<section><img decoding=\"async\" src=\"\/files\/2018\/02\/logo-ingressos-wordpressfloripa.png\" alt=\"ingressos\" \/><\/p>\n<div>\n<h2 class=\"sep\">Ingressos<\/h2>\n<hr \/>\n<p>Os ingressos para o WordCamp Floripa 2018 encerraram. <\/p>\n<\/div>\n<\/section>\n<section>\n<h2 class=\"sep center\">WordCana<\/h2>\n<p>WordCana com a banda Samba da Ilha e \u00e1rea reservada com cota de: 30 litros de chopp, suco, cerveja e \u00e1gua.<\/p>\n<p><a class=\"btn\" href=\"\/wordcana\">Vem pro WordCana<\/a><\/p>\n<\/section>\n<section>\n<h2 class=\"sep center\">Programa\u00e7\u00e3o<\/h2>\n<div class=\"flex\">\n<div class=\"quarter\">\n<p><img decoding=\"async\" src=\"https:\/\/secure.gravatar.com\/avatar\/5230356422c1fb7f6bcefa55ed07f97d?s=100&amp;r=pg&amp;d=mm\" alt=\"Rafael Funchal\" \/><br \/>\n<strong><br \/>\nConfigurando SSL com Let\u2019s Encrypt, EasyEngine e WP-CLI<br \/>\n<\/strong><br \/>\nRafael Funchal <\/p>\n<\/div>\n<div class=\"quarter\">\n<p><img decoding=\"async\" src=\"https:\/\/secure.gravatar.com\/avatar\/e90ebd1fdb7e501f113497899e02594d?s=100&amp;r=pg&amp;d=mm\" alt=\"Amilton Justino\" \/><br \/>\n<strong><br \/>\nArmored WordPress<br \/>\n<\/strong><br \/>\nAmilton Justino<\/p>\n<\/div>\n<div class=\"quarter\">\n<p><img decoding=\"async\" src=\"https:\/\/secure.gravatar.com\/avatar\/f2271ae6814a29d8cbf38ae2d0305a72?s=100&amp;d=mm&amp;r=g\" alt=\"Rodrigo Primo\" \/><br \/>\n<strong><br \/>\nComo contribuir com o desenvolvimento do core do WordPress<br \/>\n<\/strong><br \/>\nRodrigo Primo<\/p>\n<\/div>\n<div class=\"quarter\">\n<p><img decoding=\"async\" src=\"https:\/\/secure.gravatar.com\/avatar\/a1ad559ea5521345b8106338c99a83de?s=100&amp;r=pg&amp;d=mm\" alt=\"Daniel Kossmann Ferraz\" \/><br \/>\n<strong><br \/>\nGutenberg: o que \u00e9 e qual seu impacto no WordPress<br \/>\n<\/strong><br \/>\nDaniel Kossmann Ferraz<\/p>\n<\/div>\n<\/div>\n<p><a class=\"btn\" href=\"\/programacao\">Veja completa<\/a><\/p>\n<\/section>\n<section class=\"list-patrocinadores-home\">\n<h2 class=\"sep center\">Patrocinadores e apoiadores<\/h2>\n<hr \/>\n<h3>Ribeir\u00e3o da Ilha<\/h3>\n<div class=\"flex patrocinador-ribeirao\">\n<div class=\"quarter\">\n<p><img decoding=\"async\" src=\"\/files\/2018\/03\/senac.png\" alt=\"Senac Florian\u00f3polis\" \/><\/p>\n<\/div>\n<div class=\"quarter\">\n<p><img decoding=\"async\" style=\"margin-top: 25px\" src=\"\/files\/2018\/01\/woocommerce_logo.png\" alt=\"WooCommerce\" \/><\/p>\n<\/div>\n<div class=\"quarter\">\n<p><img decoding=\"async\" style=\"margin-top: 35px\" src=\"\/files\/2018\/01\/boldGrid-transparent-lockup-2a.png\" alt=\"BoldGrid\" \/><\/p>\n<\/div>\n<div class=\"quarter\">\n<p><img decoding=\"async\" src=\"\/files\/2018\/01\/Jetpack_Horizontal_RGB-1.png\" alt=\"Jetpack\" \/><\/p>\n<\/div>\n<div class=\"quarter\">\n<p><img decoding=\"async\" src=\"\/files\/2018\/01\/bh_logo_2015.png\" alt=\"Bluehost\" \/><\/p>\n<\/div>\n<\/div>\n<h3>Trindade<\/h3>\n<div class=\"flex patrocinador-trindade\">\n<div class=\"quarter\" style=\"margin: 0 auto\">\n<p><img decoding=\"async\" src=\"\/files\/2018\/01\/GoDaddy_Pro_RGB_Full_B2.png\" alt=\"GoDaddy\" \/><\/p>\n<\/div>\n<\/div>\n<h3>Santo Ant\u00f4nio de Lisboa<\/h3>\n<div class=\"flex patrocinador-santo-antonio\">\n<div class=\"quarter\" style=\"margin: 0 auto\"><img decoding=\"async\" src=\"\/files\/2018\/01\/dreamhost-e1467241131853.png\" alt=\"DreamHost\" \/><\/div>\n<div class=\"quarter\" style=\"margin: 0 auto\"><img decoding=\"async\" src=\"https:\/\/2018.floripa.wordcamp.org\/files\/2018\/03\/yoast-seo.jpg\" alt=\"Yoast SEO\" \/><\/div>\n<\/div>\n<h3>Ingleses<\/h3>\n<div class=\"flex patrocinador-ingleses\">\n<div class=\"quarter\" style=\"margin: 0 auto\">\n<p><img decoding=\"async\" src=\"\/files\/2018\/02\/logo-incuca-228x120.jpg\" alt=\"InCuca Tecnologia\" \/><\/p>\n<\/div>\n<div class=\"quarter\" style=\"margin: 0 auto\">\n<p><img decoding=\"async\" src=\"\/files\/2018\/03\/spirallab-logo-cor.png\" alt=\"Spirallab\" \/><\/p>\n<\/div>\n<\/div>\n<h3>Coqueiros<\/h3>\n<div class=\"flex patrocinador-coqueiros\">\n<div class=\"quarter\" style=\"margin: 0 auto\">\n<p><img decoding=\"async\" src=\"\/files\/2018\/03\/logo-yogh.png\" alt=\"Yogh\" \/><\/p>\n<\/div>\n<\/div>\n<p style=\"text-align: center\"><a class=\"btn center\" href=\"\/patrocinadores\">Ver todos<\/a><\/p>\n<\/section>\n<section>\n<h2 class=\"sep center\">Sobre Florian\u00f3polis<\/h2>\n<hr \/>\n<div class=\"flex\">\n<div class=\"half\">\n<p><img decoding=\"async\" src=\"\/files\/2018\/02\/flp-ilha-do-campeche.jpg\" alt=\"ilha-do-campeche\" \/><\/p>\n<\/div>\n<div class=\"half\">\n<h4>Floripa<\/h4>\n<p>A Ilha da Magia, como \u00e9 conhecida no folclore regional, abriga dezenas de praias incr\u00edveis, com locais preservados da evolu\u00e7\u00e3o urbana e motivo de hist\u00f3rias e contos brux\u00f3licos do passado em contraste com um dos p\u00f3los tecnol\u00f3gicos que mais cresce no Brasil. Florian\u00f3polis, carinhosamente apelidada de Floripa, \u00e9 a capital do estado de Santa Catarina e o local da realiza\u00e7\u00e3o do WordCamp 2018 que busca fomentar e contribuir para com a comunidade WordPress estadual. Venha participar do maior evento da Comunidade WordPress de Santa Catarina.<\/p>\n<\/div>\n<\/div>\n<\/section>\n<section class=\"center blog\"><\/section>\n","protected":false},"excerpt":{"rendered":"<p>S\u00e1bado &#8211; 07\/04 &#8211; 9h &#8211; SENAC Centro Florian\u00f3polis &#8211; Santa Catarina &#8211; Brasil OBRIGADO PELA PARTICIPA\u00c7\u00c3O E AT\u00c9 O PR\u00d3XIMO Ingressos Os ingressos para o WordCamp Floripa 2018 encerraram. WordCana WordCana com a banda Samba da Ilha e \u00e1rea reservada com cota de: 30 litros de chopp, suco, cerveja e \u00e1gua. Vem pro WordCana [&hellip;]<\/p>\n","protected":false},"author":15922735,"featured_media":0,"parent":0,"menu_order":0,"comment_status":"closed","ping_status":"closed","template":"templates\/page-no-sidebar.php","meta":{"_crdt_document":"","jetpack_post_was_ever_published":false,"footnotes":""},"class_list":["post-180","page","type-page","status-publish","hentry"],"jetpack_sharing_enabled":false,"jetpack_shortlink":"https:\/\/wp.me\/P9ygkj-2U","_links":{"self":[{"href":"https:\/\/floripa.wordcamp.org\/2018\/wp-json\/wp\/v2\/pages\/180","targetHints":{"allow":["GET"]}}],"collection":[{"href":"https:\/\/floripa.wordcamp.org\/2018\/wp-json\/wp\/v2\/pages"}],"about":[{"href":"https:\/\/floripa.wordcamp.org\/2018\/wp-json\/wp\/v2\/types\/page"}],"author":[{"embeddable":true,"href":"https:\/\/floripa.wordcamp.org\/2018\/wp-json\/wp\/v2\/users\/15922735"}],"replies":[{"embeddable":true,"href":"https:\/\/floripa.wordcamp.org\/2018\/wp-json\/wp\/v2\/comments?post=180"}],"version-history":[{"count":91,"href":"https:\/\/floripa.wordcamp.org\/2018\/wp-json\/wp\/v2\/pages\/180\/revisions"}],"predecessor-version":[{"id":1379,"href":"https:\/\/floripa.wordcamp.org\/2018\/wp-json\/wp\/v2\/pages\/180\/revisions\/1379"}],"wp:attachment":[{"href":"https:\/\/floripa.wordcamp.org\/2018\/wp-json\/wp\/v2\/media?parent=180"}],"curies":[{"name":"wp","href":"https:\/\/api.w.org\/{rel}","templated":true}]}}