{"id":12,"date":"2018-01-11T22:32:42","date_gmt":"2018-01-11T22:32:42","guid":{"rendered":"https:\/\/2018.floripa.wordcamp.org\/organizers\/"},"modified":"2018-02-28T11:54:44","modified_gmt":"2018-02-28T11:54:44","slug":"organizadores","status":"publish","type":"page","link":"https:\/\/floripa.wordcamp.org\/2018\/organizadores\/","title":{"rendered":"Organizadores"},"content":{"rendered":"<p>Conhe\u00e7a um pouco mais sobre a turma super animada e engajada que faz todo o WordCamp Floripa funcionar. A meta dessa galera \u00e9 gerar experi\u00eancias memor\u00e1veis para os participantes e palestrantes durante o WordCamp Floripa 2018. Aproveite o evento para conhecer cada um melhor e fazer muito networking. Saia da zona de conforto!<\/p>\n\t<div class=\"wcorg-organizers\">\n\n\t\t\n\t\t\t<div class=\"wcorg-organizer\">\n\t\t\t\t<h2>Lucas Adiers Stefanello<\/h2>\n\t\t\t\t<div class=\"wcorg-organizer-description\">\n\t\t\t\t\t\t\t\t\t\t<img alt='' src='https:\/\/secure.gravatar.com\/avatar\/85441343e6fb0393cbd57ba8fe9bdfef6a85c196dcad65c97cf2b5b0b518605a?s=100&#038;d=mm&#038;r=g' srcset='https:\/\/secure.gravatar.com\/avatar\/85441343e6fb0393cbd57ba8fe9bdfef6a85c196dcad65c97cf2b5b0b518605a?s=200&#038;d=mm&#038;r=g 2x' class='avatar avatar-100 photo' height='100' width='100' \/>\t\t\t\t\t<p>Diretor na <a href=\"https:\/\/incuca.net\" target=\"_blank\" rel=\"noopener nofollow\">InCuca<\/a>. Construtor de ambientes de alta performance na internet. Apaixonado por tecnologia e comunica\u00e7\u00e3o \u00e9 empreendedor e desenvolvedor WordPress desde suas primeiras vers\u00f5es em 2005, jornalista, analista de sistemas e de projetos digitais.<\/p>\n\t\t\t\t<\/div>\n\t\t\t<\/div>\n\n\t\t\n\t\t\t<div class=\"wcorg-organizer\">\n\t\t\t\t<h2>Jaqueline Arruda da Silva<\/h2>\n\t\t\t\t<div class=\"wcorg-organizer-description\">\n\t\t\t\t\t\t\t\t\t\t<img alt='' src='https:\/\/secure.gravatar.com\/avatar\/4ef1b399278b3b04e542e1360f6aa980ff80e615c1ebce823cbf565b19839e1e?s=100&#038;d=mm&#038;r=g' srcset='https:\/\/secure.gravatar.com\/avatar\/4ef1b399278b3b04e542e1360f6aa980ff80e615c1ebce823cbf565b19839e1e?s=200&#038;d=mm&#038;r=g 2x' class='avatar avatar-100 photo' height='100' width='100' \/>\t\t\t\t\t<p>Consultora comercial na <a href=\"http:\/\/www.yogh.com.br\" rel=\"nofollow\">Yogh<\/a>. Aux\u00edlio os clientes a terem uma vis\u00e3o maior sobre o WordPress e arquitetar os desafios de seus projetos para o desenvolvimento.<\/p>\n\t\t\t\t<\/div>\n\t\t\t<\/div>\n\n\t\t\n\t\t\t<div class=\"wcorg-organizer\">\n\t\t\t\t<h2>Hyann Carlos Silveira<\/h2>\n\t\t\t\t<div class=\"wcorg-organizer-description\">\n\t\t\t\t\t\t\t\t\t\t<img alt='' src='https:\/\/secure.gravatar.com\/avatar\/445bcea7dcbcb2e821caa86d0b1db5a46ceacefc9b5e8e12e7b4361fad4830b0?s=100&#038;d=mm&#038;r=g' srcset='https:\/\/secure.gravatar.com\/avatar\/445bcea7dcbcb2e821caa86d0b1db5a46ceacefc9b5e8e12e7b4361fad4830b0?s=200&#038;d=mm&#038;r=g 2x' class='avatar avatar-100 photo' height='100' width='100' \/>\t\t\t\t\t<p>Desenvolvedor web, analista de SEO e estudante de Sistemas de Informa\u00e7\u00e3o na UFSC. Grande entusiasta do WordPress e da Blockchain.<\/p>\n\t\t\t\t<\/div>\n\t\t\t<\/div>\n\n\t\t\n\t\t\t<div class=\"wcorg-organizer\">\n\t\t\t\t<h2>Nicolas Busato<\/h2>\n\t\t\t\t<div class=\"wcorg-organizer-description\">\n\t\t\t\t\t\t\t\t\t\t<img alt='' src='https:\/\/secure.gravatar.com\/avatar\/f5fa3102e1d5c50a2ca475716ae3eb11a806eed9d1aeb8f04f63934048e397b9?s=100&#038;d=mm&#038;r=g' srcset='https:\/\/secure.gravatar.com\/avatar\/f5fa3102e1d5c50a2ca475716ae3eb11a806eed9d1aeb8f04f63934048e397b9?s=200&#038;d=mm&#038;r=g 2x' class='avatar avatar-100 photo' height='100' width='100' \/>\t\t\t\t\t<p>Desenvolvedor Full Stack, admirador das metodologias e tecnologias web. Sempre procurando novos conhecimentos e acompanhando de perto o WordPress e sua mudan\u00e7as para o crescimento do ambiente web. Atualmente trabalhando como desenvolvedor web na <a href=\"http:\/\/incuca.net\" rel=\"nofollow\">InCuca<\/a>.<\/p>\n\t\t\t\t<\/div>\n\t\t\t<\/div>\n\n\t\t\n\t\t\t<div class=\"wcorg-organizer\">\n\t\t\t\t<h2>Francisco Teixeira<\/h2>\n\t\t\t\t<div class=\"wcorg-organizer-description\">\n\t\t\t\t\t\t\t\t\t\t<img alt='' src='https:\/\/secure.gravatar.com\/avatar\/11457370b1fa25384826190c8a2bd0213a77725611297ade5c08ac0390548ff2?s=100&#038;d=mm&#038;r=g' srcset='https:\/\/secure.gravatar.com\/avatar\/11457370b1fa25384826190c8a2bd0213a77725611297ade5c08ac0390548ff2?s=200&#038;d=mm&#038;r=g 2x' class='avatar avatar-100 photo' height='100' width='100' \/>\t\t\t\t\t<p>Sou desenvolvedor Full Stack com foco em solu\u00e7\u00f5es em Assinatura Digital e Biometria, entusiasta em WordPress com o meu blog pessoal <a href=\"http:\/\/www.programandopensamentos.wordpress.com\">ProgramandoPensamentos<\/a>\u00a0e aventureiro em IoT. Gosto de trabalhar com equipes heterog\u00eaneas e de participar de eventos como Startup Weekend, Hackthon, Meetups para conhecer a comunidade, tecnologias e fazer novas conex\u00f5es.<\/p>\n\t\t\t\t<\/div>\n\t\t\t<\/div>\n\n\t\t\n\t\t\t<div class=\"wcorg-organizer\">\n\t\t\t\t<h2>Lu\u00e3 Ciceri Schwertner<\/h2>\n\t\t\t\t<div class=\"wcorg-organizer-description\">\n\t\t\t\t\t\t\t\t\t\t<img alt='' src='https:\/\/secure.gravatar.com\/avatar\/5d9df781e6e954ac16cde5515bc8ef2418856fa0f15811a492242cba2e972bd4?s=100&#038;d=mm&#038;r=g' srcset='https:\/\/secure.gravatar.com\/avatar\/5d9df781e6e954ac16cde5515bc8ef2418856fa0f15811a492242cba2e972bd4?s=200&#038;d=mm&#038;r=g 2x' class='avatar avatar-100 photo' height='100' width='100' \/>\t\t\t\t\t<p>Desenvolvedor Front-End, Analista de SEO e Performance Web. Sou um entusiasta WordPress e acho muito importante disseminar o conhecimento e estar presente na comunidade. Gosto de compartilhar um pouco do que aprendo no meu blog pessoal (<a href=\"https:\/\/www.lciceris.com.br\" target=\"_blank\" rel=\"noopener\">www.lciceris.com.br<\/a>).<\/p>\n\t\t\t\t<\/div>\n\t\t\t<\/div>\n\n\t\t\n\t\t\t<div class=\"wcorg-organizer\">\n\t\t\t\t<h2>Willian Ramos<\/h2>\n\t\t\t\t<div class=\"wcorg-organizer-description\">\n\t\t\t\t\t\t\t\t\t\t<img alt='' src='https:\/\/secure.gravatar.com\/avatar\/b7e3cd6d5110f1e9aa9667a6cc18397d115fa5ea2932ef56b7a8bc6a5b5b4d51?s=100&#038;d=mm&#038;r=g' srcset='https:\/\/secure.gravatar.com\/avatar\/b7e3cd6d5110f1e9aa9667a6cc18397d115fa5ea2932ef56b7a8bc6a5b5b4d51?s=200&#038;d=mm&#038;r=g 2x' class='avatar avatar-100 photo' height='100' width='100' \/>\t\t\t\t\t<p>Desenvolvedor Full Stack, especialista em WordPress, entusiasta de novas tecnologias e metodologias para solu\u00e7\u00f5es web. Acredito que o WordPress \u00e9 um grande aliado para promover o sucesso de neg\u00f3cios na internert. Atualmente trabalhando como desenvolvedor web na <a>InCuca<\/a>.<\/p>\n\t\t\t\t<\/div>\n\t\t\t<\/div>\n\n\t\t\n\t\t\t<div class=\"wcorg-organizer\">\n\t\t\t\t<h2>Luisa Reis<\/h2>\n\t\t\t\t<div class=\"wcorg-organizer-description\">\n\t\t\t\t\t\t\t\t\t\t<img alt='' src='https:\/\/secure.gravatar.com\/avatar\/419bd8ee0a9764c39c4f0b5a21262e16c26f5561d1110dc08a102468e4ae7fe2?s=100&#038;d=mm&#038;r=g' srcset='https:\/\/secure.gravatar.com\/avatar\/419bd8ee0a9764c39c4f0b5a21262e16c26f5561d1110dc08a102468e4ae7fe2?s=200&#038;d=mm&#038;r=g 2x' class='avatar avatar-100 photo' height='100' width='100' \/>\t\t\t\t\t<p>Designer gr\u00e1fico com foco em UX\/UI. Amo trabalhar com interfaces digitais, e acredito que o design \u00e9 fundamental aliado da tecnologia para a constru\u00e7\u00e3o de solu\u00e7\u00f5es intelig\u00edveis. Possuo experi\u00eancia com marketing digital, e com projetos de ilustra\u00e7\u00e3o.<\/p>\n\t\t\t\t<\/div>\n\t\t\t<\/div>\n\n\t\t\n\t\t\t<div class=\"wcorg-organizer\">\n\t\t\t\t<h2>Jadna de Souza Saibert<\/h2>\n\t\t\t\t<div class=\"wcorg-organizer-description\">\n\t\t\t\t\t\t\t\t\t\t<img alt='' src='https:\/\/secure.gravatar.com\/avatar\/6e4269b90c758a602ec883488813a27c031d8f88a49591ee2fa7fb73ec84699b?s=100&#038;d=mm&#038;r=g' srcset='https:\/\/secure.gravatar.com\/avatar\/6e4269b90c758a602ec883488813a27c031d8f88a49591ee2fa7fb73ec84699b?s=200&#038;d=mm&#038;r=g 2x' class='avatar avatar-100 photo' height='100' width='100' \/>\t\t\t\t\t<p>Designer por forma\u00e7\u00e3o, UI e UX de cora\u00e7\u00e3o. Dedica-se a criar layouts, pensar intera\u00e7\u00f5es. Acredita que o WordPress \u00e9 uma ferramenta para o emponderamento na Web. Atualmente trabalha na InCuca Tecnologia.<\/p>\n\t\t\t\t<\/div>\n\t\t\t<\/div>\n\n\t\t\n\t\t\t<div class=\"wcorg-organizer\">\n\t\t\t\t<h2>Samuel Adiers Stefanello<\/h2>\n\t\t\t\t<div class=\"wcorg-organizer-description\">\n\t\t\t\t\t\t\t\t\t\t<img alt='' src='https:\/\/secure.gravatar.com\/avatar\/d97523c668205c6b61d7a39348d8ca1aa32f9e5ba512144de74b229c7f041ffa?s=100&#038;d=mm&#038;r=g' srcset='https:\/\/secure.gravatar.com\/avatar\/d97523c668205c6b61d7a39348d8ca1aa32f9e5ba512144de74b229c7f041ffa?s=200&#038;d=mm&#038;r=g 2x' class='avatar avatar-100 photo' height='100' width='100' \/>\t\t\t\t\t<p>Profissional respons\u00e1vel pelo gerenciamento de equipes, desenvolvimento e manuten\u00e7\u00e3o de ambientes nas mais diversas complexidades e linguagens de programa\u00e7\u00e3o. Entusiasta de software livre e WP desde que iniciou com programa\u00e7\u00e3o. Atualmente \u00e9 Diretor de Tecnologia e s\u00f3cio na <a href=\"https:\/\/incuca.net\" rel=\"nofollow\">InCuca<\/a>.<\/p>\n\t\t\t\t<\/div>\n\t\t\t<\/div>\n\n\t\t\n\t\t\t<div class=\"wcorg-organizer\">\n\t\t\t\t<h2>Vitor Hugo Bastos Cardoso<\/h2>\n\t\t\t\t<div class=\"wcorg-organizer-description\">\n\t\t\t\t\t\t\t\t\t\t<img alt='' src='https:\/\/secure.gravatar.com\/avatar\/1ebc17c4ce1ebea5a72b6cc86e98db4743a8baa6c7b2b4e4ba5954723dc02ddf?s=100&#038;d=mm&#038;r=g' srcset='https:\/\/secure.gravatar.com\/avatar\/1ebc17c4ce1ebea5a72b6cc86e98db4743a8baa6c7b2b4e4ba5954723dc02ddf?s=200&#038;d=mm&#038;r=g 2x' class='avatar avatar-100 photo' height='100' width='100' \/>\t\t\t\t\t<p>Mestre em Hist\u00f3ria pela UFSC, atualmente desenvolvedor web na InCuca, fot\u00f3grafo amador e pai da Gabriela. Entusiasta de tecnologias open-source, reconhece que o WordPress \u00e9 hoje uma das principais ferramentas no desenvolvimento de uma internet mais democr\u00e1tica, participativa e livre. Persegue o desafio de aliar tecnologia e educa\u00e7\u00e3o na constru\u00e7\u00e3o de um mundo melhor. \ud83d\ude42<\/p>\n\t\t\t\t<\/div>\n\t\t\t<\/div>\n\n\t\t\n\t\t\t<div class=\"wcorg-organizer\">\n\t\t\t\t<h2>Marcelo Ecker<\/h2>\n\t\t\t\t<div class=\"wcorg-organizer-description\">\n\t\t\t\t\t\t\t\t\t\t<img alt='' src='https:\/\/secure.gravatar.com\/avatar\/867342cec494955dfb880e5131120fbe3b294967301b9a9e95f299a5f26ddad2?s=100&#038;d=mm&#038;r=g' srcset='https:\/\/secure.gravatar.com\/avatar\/867342cec494955dfb880e5131120fbe3b294967301b9a9e95f299a5f26ddad2?s=200&#038;d=mm&#038;r=g 2x' class='avatar avatar-100 photo' height='100' width='100' \/>\t\t\t\t\t<p>Apenas um rapaz latino-americano. Desenvolvedor Web na <a href=\"http:\/\/incuca.net\" target=\"_blank\" rel=\"noopener nofollow\">InCuca<\/a>, estudante de Sistemas de Informa\u00e7\u00e3o na UFSC, futuro comentarista esportivo e entusiasta das novas tecnologias. Participo da comunidade WordPress em Floripa desde que tudo era mato e acredito no poder do WordPress para criar solu\u00e7\u00f5es web customizadas, de qualidade e que atendam as necessidades do cliente. F\u00e3 de X-Bacon e torcedor do Sport Club Internacional.<\/p>\n\t\t\t\t<\/div>\n\t\t\t<\/div>\n\n\t\t\n\t\t\t<div class=\"wcorg-organizer\">\n\t\t\t\t<h2>Amilton Justino<\/h2>\n\t\t\t\t<div class=\"wcorg-organizer-description\">\n\t\t\t\t\t\t\t\t\t\t<img alt='' src='https:\/\/secure.gravatar.com\/avatar\/d2a0164b85f0be71906f481499e57afec7fd7f12781f60e09668367909d53b49?s=100&#038;d=mm&#038;r=g' srcset='https:\/\/secure.gravatar.com\/avatar\/d2a0164b85f0be71906f481499e57afec7fd7f12781f60e09668367909d53b49?s=200&#038;d=mm&#038;r=g 2x' class='avatar avatar-100 photo' height='100' width='100' \/>\t\t\t\t\t<p>S\u00f3cio e Diretor T\u00e9cnico da Insight Solution Team, especialista em Seguran\u00e7a da Informa\u00e7\u00e3o e apaixonado por redes de computadores desde 1995.<\/p>\n\t\t\t\t<\/div>\n\t\t\t<\/div>\n\n\t\t\n\t\t\t<div class=\"wcorg-organizer\">\n\t\t\t\t<h2>Cristina Bringhenti<\/h2>\n\t\t\t\t<div class=\"wcorg-organizer-description\">\n\t\t\t\t\t\t\t\t\t\t<img alt='' src='https:\/\/secure.gravatar.com\/avatar\/65d55b7f1b27d1a68e652415fff4764221eef40cd18847041804969218634388?s=100&#038;d=mm&#038;r=g' srcset='https:\/\/secure.gravatar.com\/avatar\/65d55b7f1b27d1a68e652415fff4764221eef40cd18847041804969218634388?s=200&#038;d=mm&#038;r=g 2x' class='avatar avatar-100 photo' height='100' width='100' \/>\t\t\t\t\t<p>Diretora Financeira na InCuca. Mestre em Finan\u00e7as pela Universidade Federal de Santa Catarina. Atua a mais de 10 anos com gest\u00e3o de empresas. Respons\u00e1vel pela controladoria das contrata\u00e7\u00f5es e despesas dos exageros do evento. Foi a pessoa que vetou o urso malabarista na abertura do WordCamp Floripa 2018. <\/p>\n\t\t\t\t<\/div>\n\t\t\t<\/div>\n\n\t\t\n\t\t\t<div class=\"wcorg-organizer\">\n\t\t\t\t<h2>Henrique Elias<\/h2>\n\t\t\t\t<div class=\"wcorg-organizer-description\">\n\t\t\t\t\t\t\t\t\t\t<img alt='' src='https:\/\/secure.gravatar.com\/avatar\/91232bf52df9eb7ef2c5863482246d2557a4c7e3900c0d00d413987781c6a55e?s=100&#038;d=mm&#038;r=g' srcset='https:\/\/secure.gravatar.com\/avatar\/91232bf52df9eb7ef2c5863482246d2557a4c7e3900c0d00d413987781c6a55e?s=200&#038;d=mm&#038;r=g 2x' class='avatar avatar-100 photo' height='100' width='100' \/>\t\t\t\t\t<p>Empreendedor, investidor, fundador e CEO da empresa Fundamental Inc. | Criamos sites, estruturamos o marketing digital e processos de vendas.<\/p>\n\t\t\t\t<\/div>\n\t\t\t<\/div>\n\n\t\t\n\t<\/div><!-- .wcorg-organizers -->\n\t\n","protected":false},"excerpt":{"rendered":"<p>Conhe\u00e7a um pouco mais sobre a turma super animada e engajada que faz todo o WordCamp Floripa funcionar. A meta dessa galera \u00e9 gerar experi\u00eancias memor\u00e1veis para os participantes e palestrantes durante o WordCamp Floripa 2018. Aproveite o evento para conhecer cada um melhor e fazer muito networking. Saia da zona de conforto!<\/p>\n","protected":false},"author":13201568,"featured_media":0,"parent":0,"menu_order":0,"comment_status":"closed","ping_status":"closed","template":"","meta":{"_crdt_document":"","jetpack_post_was_ever_published":false,"footnotes":""},"class_list":["post-12","page","type-page","status-publish","hentry"],"jetpack_sharing_enabled":true,"jetpack_shortlink":"https:\/\/wp.me\/P9ygkj-c","_links":{"self":[{"href":"https:\/\/floripa.wordcamp.org\/2018\/wp-json\/wp\/v2\/pages\/12","targetHints":{"allow":["GET"]}}],"collection":[{"href":"https:\/\/floripa.wordcamp.org\/2018\/wp-json\/wp\/v2\/pages"}],"about":[{"href":"https:\/\/floripa.wordcamp.org\/2018\/wp-json\/wp\/v2\/types\/page"}],"author":[{"embeddable":true,"href":"https:\/\/floripa.wordcamp.org\/2018\/wp-json\/wp\/v2\/users\/13201568"}],"replies":[{"embeddable":true,"href":"https:\/\/floripa.wordcamp.org\/2018\/wp-json\/wp\/v2\/comments?post=12"}],"version-history":[{"count":4,"href":"https:\/\/floripa.wordcamp.org\/2018\/wp-json\/wp\/v2\/pages\/12\/revisions"}],"predecessor-version":[{"id":442,"href":"https:\/\/floripa.wordcamp.org\/2018\/wp-json\/wp\/v2\/pages\/12\/revisions\/442"}],"wp:attachment":[{"href":"https:\/\/floripa.wordcamp.org\/2018\/wp-json\/wp\/v2\/media?parent=12"}],"curies":[{"name":"wp","href":"https:\/\/api.w.org\/{rel}","templated":true}]}}